{"id":235,"date":"2022-01-19T14:25:41","date_gmt":"2022-01-19T13:25:41","guid":{"rendered":"http:\/\/archiviodistatodimassa.cultura.gov.it\/?page_id=235"},"modified":"2022-05-20T09:50:42","modified_gmt":"2022-05-20T07:50:42","slug":"biblioteca-di-esperanto","status":"publish","type":"page","link":"https:\/\/archiviodistatodimassa.cultura.gov.it\/?page_id=235","title":{"rendered":"Biblioteca di Esperanto"},"content":{"rendered":"<h2>Biblioteca nazionale di Esperanto<\/h2>\n<p>\n        <section class=\"mt-4 mb-3 image-content italiawp2-img alignnone\">\n            <figure class=\"m-0 p-3 u-background-grey-60\">\n                <img src=\"https:\/\/archiviodistatodimassa.cultura.gov.it\/wp-content\/uploads\/2022\/Immagini dal sito\/Image\/cde882a6598fe25c3ffb4f22262104da.jpg\" class=\"u-sizeFull\" alt=\"\">\n                <figcaption>\n                    <p><\/p>\n                <\/figcaption>\n            <\/figure><\/section><\/p>\n<p>All&#8217;interno della sede dell&#8217;Archivio di Stato di Massa viene ospitata anche la\u00a0<strong>Biblioteca Nazionale di Esperanto.<\/strong><\/p>\n<p>Fondata nel 1972 grazie all&#8217;iniziativa di Mario Dazzini, \u00e8 dedicata alla raccolta di opere in esperanto o relativa a tale lingua.<br \/>\nDal 2008 ha trovato la sua collocazione all&#8217;interno dello stesso edificio dell&#8217;Archivio.<\/p>\n<p>Oltre ad essere l&#8217;unica biblioteca di esperanto presente sul suolo italico, l&#8217;importanza di questa istituzione risiede nella valorizzazione, acquisizione e catalogazione delle raccolte librarie in lingua esperanto.<br \/>\nGrazie all&#8217;intenso lavoro dell&#8217;Associazione di volontariato &#8220;<em>Gruppo Esperantista Mario Dazzini<\/em>&#8221; in collaborazione con l&#8217;Archivio di Stato di Massa, l&#8217;Associazione Biblioteconomica Il Borgo di Carrara e gli enti interessati (Regione Toscana e Provincia di Massa-Carrara), \u00e8 stato possibile avviare un progetto di recupero, inventariazione e catalogazione di un fondo di 7500 volumi, in gran parte frutto di donazioni della famiglia Dazzini e in seguito di esperantisti italiani e stranieri.<\/p>\n<h4>Formazione<\/h4>\n<p>A partire dagli anni \u201950 i Fratelli Mario e Catina Dazzini sostennero il progetto di realizzazione, nella parte geograficamente centrale dell\u2019Italia, di una Biblioteca Nazionale, iniziando la raccolta di libri e materiale vario. All\u2019idea aderirono, contribuendo con le loro donazioni, i personaggi pi\u00f9 rappresentativi del Movimento Esperantista Italiano di quell\u2019epoca, tra cui i professori\u00a0<em>Elio e Bruno Migliorini<\/em>, il prof.\u00a0<em>Grazzini<\/em>, il Magnifico Rettore\u00a0<em>Giorgio Canuto<\/em>, la Famiglia\u00a0<em>Minnaja<\/em>, l\u2019Avv.\u00a0<em>Boscarino<\/em>,\u00a0<em>Padre Bianchini<\/em>\u00a0e tantissimi altri.<\/p>\n<h4>Il Catalogo<\/h4>\n<p>Il catalogo comprende circa 7.500 volumi donati in gran parte dalla famiglia Dazzini di Massa e successivamente da esperantisti Italiani e riguardano in particolare i campi della linguistica, della letteratura, della teologia e della politica. Nella Biblioteca \u00e8 presente anche una consistente raccolta di riviste &#8211; 175 testate- oltre a documenti, corrispondenza, diari di viaggio, fotografie e dischi in vinile.<\/p>\n<p>Le opere presenti riguardano tutto lo scibile umano, classificato con il metodo Dewey, con particolare riguardo al campo linguistico, letterario, teologico e politico. Rilevanza hanno le edizioni anteriori al 1930, tra cui pubblicazioni su Ido e Volap\u03b0k.<\/p>\n<p>L\u2019utente ha a disposizione\u00a0i cataloghi cartacei per autore e per titoli, e\u00a0 un catalogo informatizzato, consultabile in linea sul sito\u00a0<a title=\"re.pro.bi\" href=\"http:\/\/www.reprobi.it\/\" target=\"_blank\" rel=\"external noopener\">www.reprobi.it<\/a>\u00a0, la Rete provinciale delle biblioteche a cui aderisce l\u2019Archivio di Stato di Massa.<\/p>\n<p><a title=\"Re.Pro.Bi\" href=\"http:\/\/reprobi.erasmo.it\/Opac\/RicercaBase.aspx?BI=TE\" target=\"_blank\" rel=\"external noopener\"><em><strong>Consulta il catalogo online<\/strong><\/em><\/a><\/p>\n<p>\n        <section class=\"mt-4 mb-3 image-content italiawp2-img alignnone\">\n            <figure class=\"m-0 p-3 u-background-grey-60\">\n                <img src=\"https:\/\/archiviodistatodimassa.cultura.gov.it\/wp-content\/uploads\/2022\/Immagini dal sito\/Image\/634e934bd5d2c18fefe3bb90cecdffe7-300x201.jpg\" class=\"u-sizeFull\" alt=\"\">\n                <figcaption>\n                    <p><\/p>\n                <\/figcaption>\n            <\/figure><\/section><\/p>\n<h4>Info Utili:<\/h4>\n<p><strong>Indirizzo:\u00a0<\/strong>Via Giovanni Sforza 3 Massa 54100<br \/>\n<strong>Telefono e fax:<\/strong>\u00a00585\/41684 &#8211; fax 0585\/45190<br \/>\n<strong>e-mail:\u00a0<\/strong><a title=\"as-ms@beniculturali.it\" href=\"mailto:as-ms@beniculturali.it\">as-ms@beniculturali.it<\/a><br \/>\n<strong>Sito web:<\/strong>\u00a0<a title=\"http:\/\/www.doktoroesperanto.it\" href=\"http:\/\/www.doktoroesperanto.it\/\" target=\"_blank\" rel=\"external noopener\">www.doktoroesperanto.it<\/a><br \/>\n<strong>Ente:\u00a0<\/strong>Ministero per i Beni e le Attivit\u00e0 Culturali<\/p>\n<p><strong>Direttore:<\/strong><\/p>\n<p><strong>Accesso:<\/strong>\u00a0la consultazione \u00e8 accessibile agli utenti dell\u2019Archivio di Stato, nell\u2019orario di apertura e secondo il regolamento della Sala di Studio, cio\u00e8 tramite la compilazione del relativo modulo di domanda di ammissione, da rinnovarsi ogni anno (R.D. del 1911, n.1163, artt. 108\/110). Non \u00e8 consentito il prestito esterno.<\/p>\n<p><strong>Servizi:<\/strong>\u00a0Fotoriproduzione.<br \/>\n\u00c8 attivo un servizio di fotoriproduzione tramite fotocopia o scanner, gestito dal personale dell\u2019Amministrazione, secondo il tariffario ministeriale.<br \/>\nCosto di 1 fotocopia A4: euro 0,08 &#8211; A3: euro 0,15.<br \/>\nCosto di 1 copia-scanner A4: euro 0,31 &#8211; A3: euro 0,41.<br \/>\nGli utenti possono inoltre fotografare i documenti, previa compilazione dell\u2019apposito modulo di domanda.<\/p>\n<p><strong>Orario:<\/strong><br \/>\nluned\u00ec, mercoled\u00ec e venerd\u00ec: 8,15-13,45<br \/>\nmarted\u00ec e gioved\u00ec: 8,15-17,15<\/p>\n<p>&nbsp;<\/p>\n<h5><em>Fonti per la stesura di questa pagina:<\/em><\/h5>\n<p><a title=\"Portale Provincia MS\" href=\"http:\/\/portale.provincia.ms.it\/page.asp?IDCategoria=2102&amp;IDSezione=10525&amp;IDOggetto=7177&amp;Tipo=NEWS\" target=\"_blank\" rel=\"external noopener\"><em>Provincia di Massa-Carrara<\/em><\/a><\/p>\n<p><a title=\"wiki Biblioteca Nazionale di Esperanto\" href=\"http:\/\/it.wikipedia.org\/wiki\/Biblioteca_Nazionale_di_Esperanto\"><em>Pagina Wikipedia Biblioteca Nazionale di Esperanto<\/em><\/a><\/p>\n<p><a href=\"http:\/\/www.reprobi.it\/Schede\/bne.html\" target=\"_blank\" rel=\"external noopener\"><em>Scheda biblioteca su Re.Pro.Bi.<\/em><\/a><\/p>\n<p><a title=\"InToscana\" href=\"http:\/\/www.intoscana.it\/intoscana2\/opencms\/intoscana\/sito-intoscana\/Contenuti_intoscana\/Canali\/Arte-e-Cultura\/visualizza_asset.html?id=868592&amp;pagename=704616\" target=\"_blank\" rel=\"external noopener\"><em>InToscana.it<\/em><\/a><\/p>\n","protected":false},"excerpt":{"rendered":"<p>Biblioteca nazionale di Esperanto All&#8217;interno della sede dell&#8217;Archivio di Stato di Massa viene ospitata anche la\u00a0Biblioteca Nazionale di Esperanto.<\/p>\n","protected":false},"author":2,"featured_media":0,"parent":0,"menu_order":0,"comment_status":"closed","ping_status":"closed","template":"","meta":{"footnotes":""},"tags":[],"class_list":["post-235","page","type-page","status-publish","hentry"],"_links":{"self":[{"href":"https:\/\/archiviodistatodimassa.cultura.gov.it\/index.php?rest_route=\/wp\/v2\/pages\/235","targetHints":{"allow":["GET"]}}],"collection":[{"href":"https:\/\/archiviodistatodimassa.cultura.gov.it\/index.php?rest_route=\/wp\/v2\/pages"}],"about":[{"href":"https:\/\/archiviodistatodimassa.cultura.gov.it\/index.php?rest_route=\/wp\/v2\/types\/page"}],"author":[{"embeddable":true,"href":"https:\/\/archiviodistatodimassa.cultura.gov.it\/index.php?rest_route=\/wp\/v2\/users\/2"}],"replies":[{"embeddable":true,"href":"https:\/\/archiviodistatodimassa.cultura.gov.it\/index.php?rest_route=%2Fwp%2Fv2%2Fcomments&post=235"}],"version-history":[{"count":4,"href":"https:\/\/archiviodistatodimassa.cultura.gov.it\/index.php?rest_route=\/wp\/v2\/pages\/235\/revisions"}],"predecessor-version":[{"id":2003,"href":"https:\/\/archiviodistatodimassa.cultura.gov.it\/index.php?rest_route=\/wp\/v2\/pages\/235\/revisions\/2003"}],"wp:attachment":[{"href":"https:\/\/archiviodistatodimassa.cultura.gov.it\/index.php?rest_route=%2Fwp%2Fv2%2Fmedia&parent=235"}],"wp:term":[{"taxonomy":"post_tag","embeddable":true,"href":"https:\/\/archiviodistatodimassa.cultura.gov.it\/index.php?rest_route=%2Fwp%2Fv2%2Ftags&post=235"}],"curies":[{"name":"wp","href":"https:\/\/api.w.org\/{rel}","templated":true}]}}