{"id":543,"date":"2022-01-27T16:01:10","date_gmt":"2022-01-27T15:01:10","guid":{"rendered":"http:\/\/archiviodistatodimassa.cultura.gov.it\/?page_id=543"},"modified":"2026-01-29T15:39:58","modified_gmt":"2026-01-29T14:39:58","slug":"archivio-ducale-diplomatico-pergamene","status":"publish","type":"page","link":"https:\/\/archiviodistatodimassa.cultura.gov.it\/?page_id=543","title":{"rendered":"Archivio Ducale \/ Diplomatico Pergamene"},"content":{"rendered":"<p><span style=\"color: #ff0000;\"><a style=\"color: #ff0000;\" href=\"https:\/\/archiviodistatodimassa.cultura.gov.it\/?page_id=401\">Privacy e Copyright<\/a><\/span><\/p>\n<p>&nbsp;<\/p>\n<p><strong>L&#8217;Archivio diplomatico di Massa \u00e8 costituito da <a href=\"https:\/\/beniculturaliit-my.sharepoint.com\/:b:\/g\/personal\/as-ms_cultura_gov_it\/EVa3nFTq-qdEsJH89QDLS2YBSXyxUGKRDWT6nH6ilDenHg?e=lukucW\">958 pergamene<\/a> provenienti nella maggior parte dall&#8217;Archivio Ducale dove si conservavano racchiuse in cartoni insieme con altri documenti cartacei e di varia materia.<\/strong><\/p>\n<p><strong> Undici pergamene, delle quali la pi\u00f9 antica \u00e8 datata 19 maggio 1211 e la pi\u00f9 recente 2 maggio 1725, provengono dall&#8217; archivio dei Malaspina di Olivola e diciotto dall&#8217;archivio della famiglia Pico: di queste la pi\u00f9 antica \u00e8 datata 29 maggio 1376 e la pi\u00f9 recente 15 maggio 1482.<\/strong><\/p>\n<p><strong>Cinquanta pergamene, dal 1514 al 1548, interessano il cardinale Innocenzo Cibo e con ogni probabilit\u00e0 sono state tratte dall&#8217;archivio che porta il suo nome, e ben centotrentanove pergamene, dal 1625 al 1698, interessano il Cardinale Alderano Cibo e, nella quasi totalit\u00e0, sono state distratte dall&#8217;archivio del cardinale segretario di stato di Innocenzo XI. <\/strong><br \/>\n<strong>La raccolta di pergamene consta di documenti pubblici e privati, molti dei quali riguardano la famiglia Cibo-Malaspina e il suo dominio in Massa: <\/strong><br \/>\n<strong>diplomi imperiali e regi, bolle e brevi, convenzioni, capitoli, decreti emanati da duchi e da conti e, in numero maggiore, contratti di compre, vendite e locazioni. <\/strong><br \/>\n<strong>Dell&#8217;archivio diplomatico fu pubblicato il regesto a cura di Ernesto Lasinio nel 1916.<\/strong><\/p>\n<p>Di seguito alcune\u00a0 pergamene digitalizzate fronte e retro. Seleziona<span style=\"color: #33cccc;\">: Diplomatico n<\/span><\/p>\n<p>Una volta aperta la pagina di OneDrive cambia le opzioni di visualizzazione in alto a destra in <em>riquadri.<\/em><\/p>\n<p>Seleziona immagine.<\/p>\n<p>Seleziona i tre puntini in alto e scegli<em> visualizza originale <\/em>per la lettura zoom oppure <em>scarica<\/em>.<\/p>\n<p>____________________________________________________________________________________________________________________________<\/p>\n<p><a href=\"https:\/\/beniculturaliit-my.sharepoint.com\/:f:\/g\/personal\/as-ms_cultura_gov_it\/EljlDvsCo3tPvZIAXC7q9o4B0uzBoJTr0MoW_lfjwzdXnQ?e=5WRaTM\"><span style=\"color: #3366ff;\">Diplomatico 0801\/856\u00a0<\/span><\/a><\/p>\n<p><strong>1665, gennaio 3, Roma<\/strong><\/p>\n<p><a href=\"https:\/\/it.wikipedia.org\/wiki\/Papa_Alessandro_VII\">Papa Alessandro VII<\/a> assegna a Ferdinando Cybo Malaspina, suddiacono della diocesi di Luni-Sarzana, il<br \/>\nquale dichiara di essere figlio del duca di Massa [Alberico II Cybo Malaspina], la pensione annua a vita di<br \/>\nottanta scudi di moneta romana relativa ai frutti dell&#8217;abbazia vacante della colleggiata di San Pietro a Massa<br \/>\nnella stessa diocesi, gi\u00e0 assegnata al presbitero Carlo Manzi con altra lettera, il pagamento della quale<br \/>\navverr\u00e0 tramite lo stesso presbitero Carlo.<\/p>\n<p>Originale<\/p>\n<p>Supporto: membranaceo mm 482 x 494 &#8211; Presenti quattro fori al centro della plica praticati per<br \/>\nl&#8217;apposizione di un sigillo pendente deperdito.<\/p>\n<p>Sigilli n.: 0 Sigilli originali n.: 1<\/p>\n<p>&nbsp;<\/p>\n<p><a href=\"https:\/\/beniculturaliit-my.sharepoint.com\/:f:\/g\/personal\/as-ms_cultura_gov_it\/EvuBC93y1H1OhPXzz33c0A8BRMbdNpzPsbbLAByJcYye0g?e=uh7wWu\">Diplomatico 0802\/857<\/a><\/p>\n<p><strong>1665, gennaio 17, Roma <\/strong><\/p>\n<p>Papa Alessandro VII ringrazia il cardinale Alderano Cybo per gli auguri inviati in occasione delle festivit\u00e0<br \/>\nnatalizie.<\/p>\n<p>Originale<\/p>\n<p>Supporto: membranaceo mm 162 x 389 &#8211; Sul verso della pergamena si conserva la traccia di cera del sigillo<br \/>\ndeperdito.<\/p>\n<p>Sigilli n.: 0 Sigilli originali n.: 1<\/p>\n<p>&nbsp;<\/p>\n<p><a href=\"https:\/\/beniculturaliit-my.sharepoint.com\/:f:\/g\/personal\/as-ms_cultura_gov_it\/Er7XVTb-jPtEn1qg28I9S6cBZ0RUyxWD3CSpZ0p7jaijIg?e=5F1M42\">Diplomatico 0803\/858<\/a><\/p>\n<p><strong>1666, gennaio 9, Roma<\/strong><\/p>\n<p>Papa Alessandro VII ringrazia il cardinale Alderano Cybo per gli auguri inviati in occasione delle festivit\u00e0<br \/>\nnatalizie.<\/p>\n<p>Originale<\/p>\n<p>Supporto: membranaceo mm 183 x 4351 &#8211; Sul verso della pergamena si conserva la traccia di cera del<br \/>\nsigillo deperdito.<\/p>\n<p>Sigilli n.: 0 Sigilli originali n.: 1<\/p>\n<p>&nbsp;<\/p>\n<p><a href=\"https:\/\/beniculturaliit-my.sharepoint.com\/:f:\/g\/personal\/as-ms_cultura_gov_it\/EvKfYts2IPdLppAavMCXyewB8HcrroRVjGrNAMJc18g4Iw?e=9qyylc\">Diplomatico 0804\/859<\/a><\/p>\n<p><strong>1667, gennaio 15, Roma<\/strong><\/p>\n<p>Papa Alessandro VII ringrazia il cardinale Alderano Cybo per gli auguri inviati in occasione delle festivit\u00e0<br \/>\nnatalizie.<\/p>\n<p>Originale<\/p>\n<p>Supporto: membranaceo mm 191 x 448 &#8211; Sul verso della pergamena si conserva la traccia di cera del sigillo<br \/>\ndeperdito.<\/p>\n<p>Sigilli n.: 0 Sigilli originali n.: 1<\/p>\n<p>&nbsp;<\/p>\n<p><a href=\"https:\/\/beniculturaliit-my.sharepoint.com\/:f:\/g\/personal\/as-ms_cultura_gov_it\/EjA4zESAK5xGldPYFE1dttABqJzDDKrtKrKFv7if-1auXQ?e=jxjSHG\">Diplomatico 0805\/860<\/a><\/p>\n<p><strong>1667, luglio 23, Roma <\/strong><\/p>\n<p>Papa Clemente IX ringrazia il duca di Massa [Alberico II Cybo Malaspina] per la lettera di congratulazioni<br \/>\ninviata in occasione della sua assunzione al pontificato.<\/p>\n<p>Originale<\/p>\n<p>Supporto: membranaceo mm 204 x 381 &#8211; Sul verso della pergamena si conserva la traccia di cera del sigillo<br \/>\ndeperdito.<\/p>\n<p>Sigilli n.: 0 Sigilli originali n.: 1<\/p>\n<p>&nbsp;<\/p>\n<p><a href=\"https:\/\/beniculturaliit-my.sharepoint.com\/:f:\/g\/personal\/as-ms_cultura_gov_it\/EnFeSz_8sUFAsu4m7ZSRGoIBZNPar7RIMpiz4BM-Q2wLnQ?e=6p0I5m\">Diplomatico 0806\/861<\/a><\/p>\n<p><strong>1667, luglio 23, Roma<\/strong><\/p>\n<p>Papa Clemente IX ringrazia il principe di Carrara [Carlo II Cybo Malaspina] per la lettera di congratulazioni<br \/>\ninviata in occasione della sua elezione a pontefice.<\/p>\n<p>Originale<\/p>\n<p>Supporto: membranaceo mm 193 x 418 &#8211; Sul verso della pergamena si conserva la traccia di cera del sigillo<br \/>\ndeperdito.<\/p>\n<p>Sigilli n.: 0 Sigilli originali n.: 1<\/p>\n<p>&nbsp;<\/p>\n<p><a href=\"https:\/\/beniculturaliit-my.sharepoint.com\/:f:\/g\/personal\/as-ms_cultura_gov_it\/EnQetSjPceZJljaGgmTe85wBctPwMlPVv63aMlT5iPerWA?e=lKfEEI\">Diplomatico 0807\/862<\/a><\/p>\n<p><strong>1667, luglio 23, Roma <\/strong><\/p>\n<p>Papa Clemente IX ringrazia Giannettino Cybo Malaspina per la lettera di congratulazioni inviata in<br \/>\noccasione della sua assunzione al pontificato.<\/p>\n<p>Originale<\/p>\n<p>Supporto: membranaceo mm 191 x 370 &#8211; Sul verso della pergamena si conserva la traccia di cera del sigillo<br \/>\ndeperdito.<\/p>\n<p>Sigilli n.: 0 Sigilli originali n.: 1<\/p>\n<p>&nbsp;<\/p>\n<p><a href=\"https:\/\/beniculturaliit-my.sharepoint.com\/:f:\/g\/personal\/as-ms_cultura_gov_it\/EuaL9l7CfK5EuCV77jm6LEIBFk10C6LYIcSo3zD3bcRuOQ?e=3bb6i9\">Diplomatico 0808\/863<\/a><\/p>\n<p><strong>1667, settembre 12, Roma <\/strong><\/p>\n<p>Papa Clemente IX concede di poter entrare a turno venti volte all&#8217;anno nel monastero di Santa Caterina a<br \/>\nMassa alla duchessa di Massa Fulvia Pico Cybo, la quale tiene all&#8217;interno del monastero tre nate, e ad altre<br \/>\nquattro donne. [Cfr. Diplomatico 0699\/752; 0700\/753; 0736\/790; 0751\/805; 0770\/824 e 0772\/826]<\/p>\n<p>Originale<\/p>\n<p>Supporto: membranaceo mm 222 x 447 &#8211; Sul verso della pergamena si conserva la traccia di cera del sigillo<br \/>\ndeperdito.<\/p>\n<p>Sigilli n.: 0 Sigilli originali n.: 1<\/p>\n<p>&nbsp;<\/p>\n<p><a href=\"https:\/\/beniculturaliit-my.sharepoint.com\/:f:\/g\/personal\/as-ms_cultura_gov_it\/Eq36uI0vbP5GrKlKBmGn6HgBeqU3UXLWsbMz2ssE1V0rZA?e=TZb3rJ\">Diplomatico 0810\/865<\/a><\/p>\n<p><strong>1668, aprile 13, Roma <\/strong><\/p>\n<p><a href=\"https:\/\/it.wikipedia.org\/wiki\/Papa_Clemente_IX\">Papa Clemente IX<\/a> nomina Odoardo Cybo Malaspina governatore della citt\u00e0, comitato e distretto di Viterbo.<\/p>\n<p>Originale<\/p>\n<p>Supporto: membranaceo mm 234 x 419 &#8211; Sul verso della pergamena si conserva la traccia di cera del sigillo<br \/>\ndeperdito.<\/p>\n<p>Sigilli n.: 0 Sigilli originali n.: 1<\/p>\n<p>&nbsp;<\/p>\n<p><a href=\"https:\/\/beniculturaliit-my.sharepoint.com\/:f:\/g\/personal\/as-ms_cultura_gov_it\/EuxYTHXVAqFIm6lBRblS-20BB8-oGmnISoZdPFGHcua6Vw?e=njhIK4\">Diplomatico 0892\/945<\/a><\/p>\n<p><strong>1687, novembre 10, Roma <\/strong><\/p>\n<p><a href=\"https:\/\/it.wikipedia.org\/wiki\/Papa_Innocenzo_XI\">Papa Innocenzo XI<\/a> concede al <a href=\"https:\/\/it.wikipedia.org\/wiki\/Alderano_Cybo-Malaspina_(1613-1700)\">cardinale Alderano Cybo<\/a> di poter disporre dei beni delle mense episcopali di<br \/>\nOstia e Velletri, di cui tiene il governo e l&#8217;amministrazione direttamente o tramite procuratore. [Cfr.<br \/>\nDiplomatico 0891\/944; 0893\/946 &#8211; 0897\/950]<\/p>\n<p>Originale<\/p>\n<p>Supporto: membranaceo mm 651 x 869 &#8211; La pergamena presenta quattro fori praticati al centro della plica<br \/>\nper il passaggio degli attacchi di un sigillo pendente deperdito.<\/p>\n<p>Sigilli n.: 0 Sigilli originali n.: 1<\/p>\n<p>&nbsp;<\/p>\n<p><a href=\"https:\/\/beniculturaliit-my.sharepoint.com\/:f:\/g\/personal\/as-ms_cultura_gov_it\/EnuqHZRrXnZNkrTFNiAVGQ4BKkfYKfyFh_75tXNrpQQgfA?e=X5TBfO\">Diplomatico 0872\/926<\/a><\/p>\n<p><strong>1683, febbraio 15, Roma <\/strong><\/p>\n<p>Papa Innocenzo XI concede al cardinale Alderano Cybo, per s\u00e9 o tramite procuratore, il possesso ossia il<br \/>\ngoverno e l&#8217;amministrazione del vescovato di Porto-Santa Rufina, e la facolt\u00e0 di riceverne i beni della mensa<br \/>\nepiscopale. [Cfr. Diplomatico 0871\/925 &#8211; 0877\/931]<\/p>\n<p>Originale<\/p>\n<p>Supporto: membranaceo mm 754 x 892 &#8211; Presenti quattro fori al centro della plica praticati per<br \/>\nl&#8217;apposizione di un sigillo pendente deperdito.<\/p>\n<p>Sigilli n.: 0 Sigilli originali n.: 1<\/p>\n<p>&nbsp;<\/p>\n<p><a href=\"https:\/\/beniculturaliit-my.sharepoint.com\/:f:\/g\/personal\/as-ms_cultura_gov_it\/ErQUIKD9XO5GlBusgMlDw_EB1YiybBewLgdhGNVnCVNl1Q?e=ohuDw1\">Diplomatico 0701\/754<\/a><\/p>\n<p><strong>1646, febbraio 1, Roma <\/strong><\/p>\n<p><a href=\"https:\/\/it.wikipedia.org\/wiki\/Papa_Innocenzo_X\">Papa Innocenzo X<\/a> nomina il presbitero cardinale Alderano Cybo comprotettore delle arciconfraternite della<br \/>\nCarit\u00e0 e dei Santi Apostoli presso la Sede Apostolica.<\/p>\n<p>Originale<\/p>\n<p>Supporto: membranaceo mm 323 x 458 &#8211; Sul verso della pergamena si conserva la traccia di cera del sigillo<br \/>\ndeperdito.<\/p>\n<p>Sigilli n.: 0 Sigilli originali n.: 1<\/p>\n<p>&nbsp;<\/p>\n<p><a href=\"https:\/\/beniculturaliit-my.sharepoint.com\/:f:\/g\/personal\/as-ms_cultura_gov_it\/EkVxOnuQjL1Oii9I7kuQ__cBsjHIgQ2xAfphrQBgakAD2w?e=p6iPV1\">Diplomatico 0702\/755<\/a><\/p>\n<p><strong>1646, febbraio 3, Roma <\/strong><\/p>\n<p>Papa Innocenzo X nomina il cardinale Alderano Cybo comprotettore dell&#8217;Arciconfraternita delle Stimmate<br \/>\ndi S. Francesco di Roma presso la Sede Apostolica.<\/p>\n<p>Originale<\/p>\n<p>Supporto: membranaceo mm 315 x 449 &#8211; Sul verso della pergamena si conserva la traccia di cera del sigillo<br \/>\ndeperdito.<\/p>\n<p>Sigilli n.: 0 Sigilli originali n.: 1<\/p>\n<p>&nbsp;<\/p>\n<p><a href=\"https:\/\/beniculturaliit-my.sharepoint.com\/:f:\/g\/personal\/as-ms_cultura_gov_it\/EuKyVg4jdG5GuFtF1BsI3YQB9tSxvLNAnNryIsBf8lbRKg?e=KOR0d2\">Diplomatico 0703\/756<\/a><\/p>\n<p><strong>1646, febbraio 5, Roma<\/strong><\/p>\n<p>Papa Innocenzo X d\u00e0 mandato al vicario del vescovo di Mantova Giuliano Amadeo di pagare al cardinale<br \/>\nAlderano Cybo la pensione vitalizia annua assegnatagli di seicento scudi legata alla mensa episcopale di<br \/>\nMantova, oppure al suo procuratore legittimo e tramite Masseo Vitale, eletto vescovo; per la qual cosa si<br \/>\nraccomanda a loro affinch\u00e9 la suddetta pensione sia pagata integralmente.<br \/>\nDatatio: &#8220;a. millesimo sexcentesimo quadragesimo quinto&#8221; per essere usato lo stile dell&#8217;Incarnazione<br \/>\nOriginale<br \/>\nSupporto: membranaceo mm 312 x 374 &#8211; Presenti quattro fori al centro della plica praticati per<br \/>\nl&#8217;apposizione di un sigillo pendente deperdito.<br \/>\nMiniature: Capolettera e cornice sui lati destro e superiore decorati a motivi fitomorfi.<br \/>\nSigilli n.: 0 Sigilli originali n.: 1<\/p>\n<p>&nbsp;<\/p>\n<p><a href=\"https:\/\/beniculturaliit-my.sharepoint.com\/:f:\/g\/personal\/as-ms_cultura_gov_it\/EqEIJovHqsBFg5Im4dg4XbIBa00OR60IhQDZR3QZImv8ww?e=qGIf6S\">Diplomatico 0704\/757<\/a><\/p>\n<p><strong>1646, febbraio 19, Roma<\/strong><\/p>\n<p>Papa Innocenzo X nomina per i prossimi tre anni il cardinale Alderano Cybo legato a latere per la Sede<br \/>\nApostolica e vicario generale pontificio delle citt\u00e0 di Urbino, Gubbio, Pesaro e delle altre citt\u00e0 che per<br \/>\neffetto di decreto apostolico sono state incorporate direttamente alla Sede Apostolica alla morte del duca<br \/>\ndi Urbino Francesco Maria Feltrio della Rovere. [Cfr. Diplomatico 0705\/758; Diplomatico 0709\/762 e<br \/>\nDiplomatico 0714\/768]<\/p>\n<p>Originale<\/p>\n<p>Supporto: membranaceo mm 616 x 727 &#8211; Sul verso della pergamena si conserva la traccia di cera del sigillo<br \/>\ndeperdito.<br \/>\nSigilli n.: 0 Sigilli originali n.: 1<\/p>\n<p>&nbsp;<\/p>\n<p><a href=\"https:\/\/beniculturaliit-my.sharepoint.com\/:f:\/g\/personal\/as-ms_cultura_gov_it\/Evx4KDiwaj5LncbHVO7WncIBGu3ScRHe8BUnygH61iXHUg?e=zY8qOG\">Diplomatico 0705\/758<\/a><\/p>\n<p><strong>1646, febbraio 19, Roma <\/strong><\/p>\n<p>Papa Innocenzo X decreta che vengano concesse al cardinale Alderano Cybo le facolt\u00e0 e le concessioni<br \/>\nconsuete per la carica di legato a latere e vicario generale. [Cfr. Diplomatico 0704\/757; Diplomatico<br \/>\n0709\/762 e Diplomatico 0714\/768]<\/p>\n<p>Originale<\/p>\n<p>Supporto: membranaceo mm 257 x 448 &#8211; Sul verso della pergamena si conserva la traccia di cera del sigillo<br \/>\ndeperdito.<\/p>\n<p>Sigilli n.: 0 Sigilli originali n.: 1<\/p>\n<p>&nbsp;<\/p>\n<p><a href=\"https:\/\/beniculturaliit-my.sharepoint.com\/:f:\/g\/personal\/as-ms_cultura_gov_it\/EgwngrYczmZPidKPN8JWS0cB6f-jqkhc8TOIjsvPgUtMFA?e=7V0KbT\">Diplomatico 0706\/759<\/a><\/p>\n<p><strong>1646, febbraio 19, Roma <\/strong><\/p>\n<p>Papa Innocenzo X , per meglio reprimere la criminalit\u00e0 nelle citt\u00e0 di cui \u00e8 legato apostolico, ordina al<br \/>\ncardinale Alderano Cybo di fare osservare integralmente le pene nei confronti degli omicidi e dei loro<br \/>\ncomplici emanate dal proprio predecessore Sisto V.<\/p>\n<p>Originale<\/p>\n<p>Supporto: membranaceo mm 317 x 451 &#8211; Sul verso della pergamena si conserva la traccia di cera del sigillo<br \/>\ndeperdito.<\/p>\n<p>Sigilli n.: 0 Sigilli originali n.: 1<\/p>\n<p>&nbsp;<\/p>\n<p><a href=\"https:\/\/beniculturaliit-my.sharepoint.com\/:f:\/g\/personal\/as-ms_cultura_gov_it\/Enz3S9RX9EFJkdjjYgUHHU8BkDLp3vEIQ4ROFwkfx2HT1Q?e=Y2JQZk\">Diplomatico 0707\/760<\/a><\/p>\n<p><strong>1646, febbraio 19, Roma <\/strong><\/p>\n<p>Papa Innocenzo X concede al cardinale Alderano Cybo la facolt\u00e0 di prendere provvedimenti contro i militari<br \/>\nin servizio per la Santa Sede arruolati all&#8217;interno dei confini della legazione, i quali abbiano disertato o che<br \/>\nabbiano commesso crimini.<\/p>\n<p>Originale<\/p>\n<p>Supporto: membranaceo mm 609 x 757 &#8211; Sul verso della pergamena si conserva la traccia di cera del sigillo<br \/>\ndeperdito.<br \/>\nSigilli n.: 0 Sigilli originali n.: 1<\/p>\n<p>&nbsp;<\/p>\n<p><a href=\"https:\/\/beniculturaliit-my.sharepoint.com\/:f:\/g\/personal\/as-ms_cultura_gov_it\/EsoTkCesNttPs0da1c5iS3QBBfcPsibEuvFNgRnlnkquNA?e=c01mvp\">Diplomatico 0708\/761<\/a><\/p>\n<p><strong>1646, febbraio 19, Roma <\/strong><\/p>\n<p>Papa Innocenzo X concede al cardinale Alderano Cybo, legato a latere, la facolt\u00e0 di nominare conti Palatini<br \/>\ne cavalieri della Milizia Aurata dodici nobili uomini anche laici. (Cfr. Diplomatico 0709\/762 e Diplomatico<br \/>\n0724\/778)<\/p>\n<p>Originale<\/p>\n<p>Supporto: membranaceo mm 260 x 451 &#8211; Sul verso della pergamena si conserva la traccia di cera del sigillo<br \/>\ndeperdito.<\/p>\n<p>Sigilli n.: 0 Sigilli originali n.: 1<\/p>\n<p>&nbsp;<\/p>\n<p><a href=\"https:\/\/beniculturaliit-my.sharepoint.com\/:f:\/g\/personal\/as-ms_cultura_gov_it\/EqAsXF2wzzpEhXOInRmkYS0BvWUK07APQvNkToVlcsupuw?e=Xh6kcS\">Diplomatico 0709\/762<\/a><\/p>\n<p><strong>1646, aprile 6, Roma <\/strong><\/p>\n<p>Papa Innocenzo X concede al cardinale Alderano Cybo, legato a latere, la facolt\u00e0 di accogliere o formare a<br \/>\nnome suo e della Sede Apostolica otto ecclesiastici dotati per dottrina, virt\u00f9 e meriti. [Cfr. Diplomatico<br \/>\n0704\/757; Diplomatico 0705\/768 e Diplomatico 0714\/768]<\/p>\n<p>Originale<\/p>\n<p>Supporto: membranaceo mm 256 x 448 &#8211; Sul verso della pergamena si conserva la traccia di cera del sigillo<br \/>\ndeperdito.<\/p>\n<p>Sigilli n.: 0 Sigilli originali n.: 1<\/p>\n<p>&nbsp;<\/p>\n<p><a href=\"https:\/\/beniculturaliit-my.sharepoint.com\/:f:\/g\/personal\/as-ms_cultura_gov_it\/EnehBoMg4OhMhc6dj8wv5KEBuIflS26-kP3FfLcdF5SBXg?e=0da1J8\">Diplomatico 0710\/764<\/a><\/p>\n<p><strong>1646, aprile 30, Roma <\/strong><\/p>\n<p>Papa Innocenzo X concede al chierico Domenico Cybo Malaspina la facolt\u00e0 di essere promosso all&#8217;ordine<br \/>\nsacerdotale con dispensa del requisito dell&#8217;et\u00e0, mancandogli tredici mesi per avere gli anni previsti dal<br \/>\nConcilio Tridentino.<\/p>\n<p>Originale<\/p>\n<p>Supporto: membranaceo mm 256 x 448 &#8211; Sul verso della pergamena si conserva la traccia di cera del sigillo<br \/>\ndeperdito.<\/p>\n<p>Sigilli n.: 0 Sigilli originali n.: 1<\/p>\n<p>&nbsp;<\/p>\n<p><a href=\"https:\/\/beniculturaliit-my.sharepoint.com\/:f:\/g\/personal\/as-ms_cultura_gov_it\/EoWG1f4_7ORLnP13-dx5wu4BLZFWOSK9Jk2ve1WOkU0Udg?e=EA7S4f\">Diplomatico 0627\/678<\/a><\/p>\n<p><a href=\"https:\/\/beniculturaliit-my.sharepoint.com\/:f:\/g\/personal\/as-ms_cultura_gov_it\/Esq-LgGWHmxCpr4Ll1nT4KkBpiTQwYp7PZkvksz0J9ZViA?e=lRODmj\">Diplomatico 0627\/bis<\/a><\/p>\n<p><strong>1590, giugno 17, Praga <\/strong><\/p>\n<p>L&#8217;imperatore Rodolfo II concede ad Alberico I Cybo Malaspina, principe di Massa e marchese di Carrara<br \/>\nnonch\u00e9 ai suoi successori ed eredi, soprattutto ai primogeniti nati da matrimonio legittimo, di poter inserire<br \/>\nnel suo antico stemma con la parola LIBERTAS l&#8217;aquila imperiale nera bicipite insignita di diadema d&#8217;oro, in<br \/>\nmodo che espanda le sue ali sulla parte superiore dello scudo come se volasse esultante, e che l&#8217;albero dei<br \/>\nMalaspina salga dal basso verso l&#8217;alto in due rami, cos\u00ec da ampliare il margine dello scudo, fino ad arrivare<br \/>\nalla parola LIBERTAS, cos\u00ec come \u00e8 dipinto nel presente diploma.<\/p>\n<p>Originale<\/p>\n<p>Supporto: membranaceo mm 594 x 722 &#8211; Presenti quattro fori al centro della plica praticati per<br \/>\nl&#8217;apposizione di un sigillo pendente deperdito.<\/p>\n<p>Segni di convalida: In calce sottoscrizione autografa: &#8220;Rudolphus&#8221;<\/p>\n<p>Miniature: La parte centrale della pergamena \u00e8 occupata da una miniatura raffigurante lo stemma della<br \/>\nfamiglia Cybo Malaspina (d&#8217;oro, allo scudetto carico delle bande e della croce di rosso, sormontato<br \/>\ndall&#8217;aquila imperiale e accompagnato da due rami di spino secco ai lati con in capo la parola LIBERTAS); le<br \/>\nlettere del nome &#8220;Rudolphus Secundus&#8221; sono dorate e occupano tutta la prima linea.<\/p>\n<p>Sigilli n.: 0 Sigilli originali n.: 1<\/p>\n<p>&nbsp;<\/p>\n<p><a href=\"https:\/\/beniculturaliit-my.sharepoint.com\/:f:\/g\/personal\/as-ms_cultura_gov_it\/EnswWdDQYhJDqasYrfkzCR4BrBPTOBQKJ-mFtj45NNDS0g?e=Z7wmq7\">Diplomatico 0626\/677<\/a><\/p>\n<p><strong>1589, agosto 5, Roma <\/strong><\/p>\n<p>Papa Sisto, mosso dalle suppliche degli operai della fabbrica parrocchiale della chiesa di San Lorenzo di<br \/>\nPariana, diocesi di Lucca, dispone l&#8217;annessione alla suddetta fabbrica dell&#8217;ospedale dei poveri di S.<br \/>\nBartolomeo detto &#8220;in Monte Gromigno&#8221;, situato nel medesimo luogo, i cui frutti e redditi non superano i<br \/>\nsessanta ducati d&#8217;oro &#8220;de camera&#8221;.<\/p>\n<p>Originale<\/p>\n<p>Supporto: membranaceo mm 591 x 767 &#8211; Presenti quattro fori al centro della plica praticati per<br \/>\nl&#8217;apposizione di un sigillo pendente deperdito.<\/p>\n<p>Sigilli n.: 0 Sigilli originali n.: 1<\/p>\n<p>&nbsp;<\/p>\n<p><a href=\"https:\/\/beniculturaliit-my.sharepoint.com\/:f:\/g\/personal\/as-ms_cultura_gov_it\/Eg9Vozy9_zJHk0eCQcfFRywBQpXtWz0gJ2AjV-uBqMXfow?e=zSg4g0\">Diplomatico 0599\/563;651<\/a><\/p>\n<p>&nbsp;<\/p>\n<p><strong>1529 marzo 8, Augusta (Germania) <\/strong><\/p>\n<p>L&#8217;imperatore Ferdinando I conferma ai marchesi Fioramonte, Morello, Leonardo, Rainaldo e Iacopo, figli<br \/>\ndel fu Giovanni Spinetta Malaspina di Villafranca, dietro loro supplica ed in virt\u00f9 di due privilegi degli<br \/>\nimperatori Carlo IV e Carlo V, l&#8217;investitura dei feudi di Panicale, Licciana, Monte Vignale, Monte Simone,<br \/>\nPodenzana, Suvero, Terrarossa, Burgonovo e Bastia e di tutti i diritti, giurisdizioni e proventi ad essi legati,<br \/>\nricevendo il giuramento di obbedienza e fedelt\u00e0 dal suddetto Morello, a nome suo e dei suoi fratelli di cui \u00e8<br \/>\nmandatario.<\/p>\n<p>Originale<\/p>\n<p>Supporto: membranaceo mm 608 x 746 &#8211; Presenti quattro fori al centro della plica praticati per<br \/>\nl&#8217;apposizione di un sigillo pendente deperdito.<\/p>\n<p>Segni di convalida: In calce sottoscrizione autografa dell&#8217;imperatore &#8220;Ferdinandus&#8221; e dell&#8217;arcivescovo di<br \/>\nMagonza &#8220;Daniel&#8221; [Brendel von Homburg]<\/p>\n<p>Sigilli n.: 0 Sigilli originali n.: 1<\/p>\n<p>&nbsp;<\/p>\n<p>&nbsp;<\/p>\n<p><a href=\"https:\/\/beniculturaliit-my.sharepoint.com\/:f:\/g\/personal\/as-ms_cultura_gov_it\/EmfRrQj7ZpVIpwF-GI8Cxx0B5JPT0WZvmttNW1nyG69KeQ?e=z5jf6x\">Diplomatico 0500\/542<\/a><\/p>\n<p><strong>[1516-1519], gennaio 8, Parigi, Francia <\/strong><\/p>\n<p>Francesco re di Francia, duca di Milano e signore di Genova, scrive ai cardinali della Santa Sede apostolica<br \/>\naffinch\u00e8 intercedano presso il pontefice a favore della canonizzazione di Francesco da Paola, fondatore<br \/>\ndell&#8217;Ordine dei Minimi.<\/p>\n<p>Datatio: Manca l&#8217;anno, i termini cronologici corrispondono alla salita al trono di Francesco I (1516) e<br \/>\nall&#8217;anno di canonizzazione di Francesco da Paola (1519).<\/p>\n<p>Originale<\/p>\n<p>Supporto: membranaceo mm 268 x 367 &#8211; Sul verso della pergamena si conserva la traccia di cera del sigillo<br \/>\ndeperdito.<\/p>\n<p>Lingua e scrittura: lingua francese<\/p>\n<p>Segni di convalida: In calce sottoscrizione autografa: &#8220;Francoys&#8221;<\/p>\n<p>Sigilli n.: 0 Sigilli originali n.: 1<\/p>\n<p>&nbsp;<\/p>\n<p><a href=\"https:\/\/beniculturaliit-my.sharepoint.com\/:f:\/g\/personal\/as-ms_cultura_gov_it\/Evbxt-JhQNFOlevXUA8jWJYBzwo_KHdYr3yvNDMSBNxa9w?e=0Av5BB\">Diplomatico 0501\/544<\/a><\/p>\n<p><strong>1519, aprile 26, Cracovia, Polonia <\/strong><\/p>\n<p>Il re di Polonia Sigismondo scrive a papa Leone X affinch\u00e9 conceda udienza ed esaudisca le richieste del<br \/>\nvescovo di Plock, incaricato di parlare a nome dello stesso re riguardo ad affari relativi al bene del regno e<br \/>\nalla serenit\u00e0 della cristianit\u00e0 tutta.<\/p>\n<p>Originale<\/p>\n<p>Supporto: membranaceo mm 199 x 371 &#8211; Sul lato sinistro della pergamena si conserva la traccia di cera del<br \/>\nsigillo deperdito.<\/p>\n<p>Sigilli n.: 0 Sigilli originali n.: 1<\/p>\n<p>&nbsp;<\/p>\n<p><a href=\"https:\/\/beniculturaliit-my.sharepoint.com\/:f:\/g\/personal\/as-ms_cultura_gov_it\/EholuhvDYmREn0bLQaEJWAMBB3QKCUKzIOMaW7XW-iiNtA?e=Kh06pu\">Diplomatico 0502\/544 (*)<\/a><\/p>\n<p><strong>1519, aprile 26, Massa, Massa Carrara <\/strong><\/p>\n<p>Lucrezia d&#8217;Este Malaspina, vedova del marchese Alberico Malaspina, amministratrice testamentaria, e<br \/>\nRicciarda, figlia maggiore di Alberico e moglie di Scipione Fieschi, con il consenso dello stesso Scipione, del<br \/>\nfratello di Lucrezia Ercole del fu Sigismondo d&#8217;Este, e del vescovo di Luni-Sarzana Silvestro Benetti, a titolo<br \/>\ndi mundualdo e procuratore, approvano e ratificano i capitoli, le convenzioni ed i patti gi\u00e0 concessi dal<br \/>\npredetto marchese Alberico [cfr. Diplomatico 0349\/374] agli uomini della vicaria di Massa, ossia gli statuti<br \/>\nche devono essere osservati sia dagli uomini della vicaria sia dai loro signori e officiali, ed inoltre concedono<br \/>\naltri capitoli [seguono i capitoli aggiunti]; per questo legittimo atto, messo in pubblica forma dal notaio<br \/>\nAntonio Cortile insieme con il notaio Domenico del fu Cristoforo &#8220;de Mercatoribus&#8221; di Sarzana, il vescovo<br \/>\nSilvestro impegna al sua autorit\u00e0.<\/p>\n<p>Originale<\/p>\n<p>Supporto: quaderno membranaceo cc. 6 mm 345 x 234<\/p>\n<p>Sigilli n.: 0 Sigilli originali n.: 0<br \/>\n(*) Questa pergamena \u00e8 composta da otto fogli. Gli altri sono nelle pagine successive in ordine di scatto.<\/p>\n<p>&nbsp;<\/p>\n<p><a href=\"https:\/\/beniculturaliit-my.sharepoint.com\/:f:\/g\/personal\/as-ms_cultura_gov_it\/EmFfFuNpr_1Dlpu49sYusqcBJgoKI7w2E-HSFgaAx_8C0Q?e=P03eZm\">Diplomatico 0503\/487;545;548<\/a><\/p>\n<p><strong>1519, maggio 4, Roma <\/strong><\/p>\n<p>Francesco Cybo legittima il figlio naturale Ippolito Giuliano de&#8217; Medici, nato da adulterio, con l&#8217;autorit\u00e0<br \/>\nconcessa con le lettere di papa Innocenzo VIII e dell&#8217;imperatore Federico III, confermate ed approvate con<br \/>\nlettera apostolica di Leone X.<\/p>\n<p>Originale<\/p>\n<p>Supporto: membranaceo mm 738 x 428<\/p>\n<p>Segni di convalida: Presente il &#8220;signum tabellionis&#8221; del notaro estensore<\/p>\n<p>Sigilli n.: 0 Sigilli originali n.: 0<\/p>\n<p>&nbsp;<\/p>\n<p><a href=\"https:\/\/beniculturaliit-my.sharepoint.com\/:f:\/g\/personal\/as-ms_cultura_gov_it\/EjChupv1MslKiJ-Ei45KoewBna06I-gfUTwIN7GF6rsK-w?e=eTsfpj\">Diplomatico 0504\/546<\/a><\/p>\n<p><strong>1519, maggio 12, Venezia <\/strong><\/p>\n<p>Il doge Leonardo Loredan esprime a papa Leone X il suo dolore per la morte di suo nipote il duca di Urbino<br \/>\n[Lorenzo de&#8217; Medici].<\/p>\n<p>Originale<\/p>\n<p>Supporto: membranaceo mm 374 x 460 &#8211; La pergamena conserva in al centro della plica i fili serici colore<br \/>\nrosa pallido (forse in origine rosso) ai quali era attaccato un sigillo pendente andato perduto.<\/p>\n<p>Sigilli n.: 0 Sigilli originali n.: 1<\/p>\n<p>&nbsp;<\/p>\n<p><a href=\"https:\/\/beniculturaliit-my.sharepoint.com\/:f:\/g\/personal\/as-ms_cultura_gov_it\/Em02f0xLZDBPm3xjM2Bukf8BNz_DJ7HhWadve84HOJI3lg?e=0sohlw\">Diplomatico 0505\/547<\/a><\/p>\n<p><strong>1519, giugno 27, Roma <\/strong><\/p>\n<p>Papa Leone X notifica al popolo della citt\u00e0 e diocesi di Ventimiglia di avere investito il cardinale Innocenzo<br \/>\n[Cybo] dell&#8217;incarico vitalizio di amministratore degli affari temporali e spirituali dello stesso vescovato.<\/p>\n<p>Originale<\/p>\n<p>Supporto: membranaceo mm 327 x 450 &#8211; La pergamena presenta una lacerazione al centro della plica,<br \/>\nladdove si usava praticare i fori per il passaggio degli attacchi del sigillo pendente.<\/p>\n<p>Sigilli n.: 0 Sigilli originali n.: 1<\/p>\n<p>&nbsp;<\/p>\n<p><a href=\"https:\/\/beniculturaliit-my.sharepoint.com\/:f:\/g\/personal\/as-ms_cultura_gov_it\/EkEG9mjB8TZEnX-8AHRsaEoBFL5SUxXemhAn-pn6Pkdmrw?e=Z1XTyx\">Diplomatico 0506\/549<\/a><\/p>\n<p><strong>1519, agosto 12, Roma <\/strong><\/p>\n<p>Papa Leone X concede l&#8217;indulgenza plenaria a tutti i fedeli, pentiti e confessati, che si rechino in<br \/>\npellegrinaggio presso il monastero benedettino di S. Audueno a Rouen [si specifica in quali giorni].<\/p>\n<p>Originale<\/p>\n<p>Supporto: membranaceo mm 296 x 565 &#8211; Sul verso della pergamena si conserva la traccia di cera del sigillo<br \/>\ndeperdito.<\/p>\n<p>Sigilli n.: 0 Sigilli originali n.: 1<\/p>\n<p>&nbsp;<\/p>\n<p><a href=\"https:\/\/beniculturaliit-my.sharepoint.com\/:f:\/g\/personal\/as-ms_cultura_gov_it\/EghOhFEcwNRFhSg6BRvJ3rsBKtCOgNMKCKkEh6sFAAY-ww?e=JP7uzL\">Diplomatico 0507\/550;551<\/a><\/p>\n<p><strong>1519, settembre 5 &#8211; 10, Roma <\/strong><\/p>\n<p>Pergamena contenente copia di due documenti, uno del cardinale della Marca di Ancona (Diplomatico<br \/>\n0507a\/550) l&#8217;altro del pontefice Leone X (Diplomatico 0507b\/551), riguardanti l&#8217;attuazione di un decreto di<br \/>\nrequisizione e rappresaglia nei confronti della citt\u00e0 di Ascoli e della comunit\u00e0 di Monteprandone. Cfr.<br \/>\nDiplomatico 0490\/531.<\/p>\n<p>Copia<\/p>\n<p>Supporto: membranaceo mm 356 x 482<\/p>\n<p>Sigilli n.: 0 Sigilli originali n.: 0<\/p>\n<p>&nbsp;<\/p>\n<p><a href=\"https:\/\/beniculturaliit-my.sharepoint.com\/:f:\/g\/personal\/as-ms_cultura_gov_it\/ErTRZIevQexPq6EArIDl8qMBi_fRh6mcXN3KgeQBetycxA?e=PdyTdV\">Diplomatico 0508\/552<\/a><\/p>\n<p><strong>1519, settembre 12, Blois, Francia <\/strong><\/p>\n<p>Il re di Francia Francesco I concede a Roberto Ambrogio di Sanseverino conte di Caiacio, il quale con il suo<br \/>\nconsenso sta per contrarre matrimonio con la consanguinea Ippolita Cybo, la potest\u00e0 di ipotecare ogni bene<br \/>\nposseduto come dote o come bene palafrenale fino alla somma di venti mila ducati.<\/p>\n<p>Originale<\/p>\n<p>Supporto: membranaceo mm 398 x 522<\/p>\n<p>Sigilli n.: 0 Sigilli originali n.: 0<\/p>\n<p>&nbsp;<\/p>\n<p><a href=\"https:\/\/beniculturaliit-my.sharepoint.com\/:f:\/g\/personal\/as-ms_cultura_gov_it\/Ehl8P4IzK6FOtmqKXDqx6EcB43jIODLZlLoxGbZTro_QnA?e=rqAeX1\">Diplomatico 0509\/553<\/a><\/p>\n<p><strong>1519, novembre 9, Roma <\/strong><\/p>\n<p>Roberto Ambrogio di Sanseverino conte di Caiacio, con il consenso di suo padre Giulio di Sanseverino e di<br \/>\nsua madre Barbara Gonzaga, dichiara di aver ricevuto da Maddalena Cybo de Medici nonch\u00e9 da Lorenzo e<br \/>\nGiovanni Battista Cybo, figli ed eredi di Francesco Cybo, padre di Ippolita sposa del soprascritto Roberto,<br \/>\nuna prima met\u00e0 della dote di quattordicimila ducati, cio\u00e8 settemila ducati &#8220;de camera&#8221; dei quali riceve la<br \/>\ncedola di deposito dai mercanti fiorentini Bernardo Bini e soci, con il patto che l&#8217;altra parte della dote sar\u00e0<br \/>\nconsegnata tra un anno, il giorno in cui Ippolita si trasferir\u00e0 a casa del consorte; dichiara inoltre di aver<br \/>\nricevuto vesti e altro corredo che vengono stimati, per comune accordo tra le parti, duemilatrecento ducati<br \/>\n&#8220;de camera&#8221;.<\/p>\n<p>Originale<\/p>\n<p>Supporto: membranaceo mm 454 x 298<\/p>\n<p>Segni di convalida: Presente il &#8220;signum tabellionis&#8221; del notaro estensore.<\/p>\n<p>Sigilli n.: 0 Sigilli originali n.: 0<\/p>\n<p>&nbsp;<\/p>\n<p><a href=\"https:\/\/beniculturaliit-my.sharepoint.com\/:f:\/g\/personal\/as-ms_cultura_gov_it\/EigOZQ0n_fVKqbn7Iw7COGEBpIzsSh1ZoYn3qX6ve428ww?e=X8MtmK\">Diplomatico 0510\/554<\/a><\/p>\n<p><strong>1519, dicembre 23, Roma <\/strong><\/p>\n<p>Papa Leone X ordina a Lorenzo Cybo, governatore della citt\u00e0 di Spoleto, di divulgare immediatamente il<br \/>\nproclama con il quale si fa divieto a chiunque, sotto pena della confisca dei beni, di andare in soccorso dei<br \/>\nfigli di Amedeo &#8220;de Racaneta&#8221; e dei complici fabrianesi, e nel caso in cui qualcuno sia gi\u00e0 accorso da loro gli<br \/>\nvenga intimato di fare ritorno subito alla sua abitazione e da l\u00ec non gli sia permesso allontanarsi senza<br \/>\nl&#8217;autorizzazione dello stesso governatore oppure dei legati o del rettore di quelle terre.<\/p>\n<p>Originale<\/p>\n<p>Supporto: membranaceo mm 145 x 470 &#8211; Sul verso della pergamena si conserva la traccia di cera del sigillo<br \/>\ndeperdito.<\/p>\n<p>Sigilli n.: 0 Sigilli originali n.: 1<\/p>\n<p>&nbsp;<\/p>\n<p><a href=\"https:\/\/beniculturaliit-my.sharepoint.com\/:f:\/g\/personal\/as-ms_cultura_gov_it\/EoIEZEUvIuJDhrh_r82bTy4BNi7KlK0vmI757q7hznowvw?e=HXPqvv\">Diplomatico 0449\/489<\/a><\/p>\n<p><strong>1490, novembre 25, Massa<\/strong><\/p>\n<p>Alberico Malaspina del fu Giacomo, marchese di Massa, nomina suo procuratore Antonio di ser Giovanni<br \/>\nda Carrara, per comparire davanti a Ludovico Maria Sforza d&#8217;Aragona, duca di Bari, e a Ludovico da<br \/>\nFogliano, entrambi tutori testamentari del minore Ludovico del fu Francesco Malaspina e presentare a suo<br \/>\nnome l&#8217;atto di donazione di alcuni possessi situati nel territoro della Lomellina, nel comitato di Pavia, fatto<br \/>\nin altro tempo dal marchese Gabriele Malaspina di Fosdinovo in favore dello stesso minore.<\/p>\n<p>Originale<\/p>\n<p>Supporto: membranaceo mm 424 x 375 &#8211; In basso al centro la pergamena presenta la traccia di cera<br \/>\nlasciata dal sigillo deperdito<\/p>\n<p>Segni di convalida: Presente il &#8220;signum tabellionis&#8221; del notaro estensore; autentica la sottoscrizione<br \/>\nnotarile &#8220;Iohannes carrariensis Massae potestas&#8221; per conto di Alberico II Malaspina<\/p>\n<p>Sigilli n.: 0 Sigilli originali n.: 1<\/p>\n<p>&nbsp;<\/p>\n<p><a href=\"https:\/\/beniculturaliit-my.sharepoint.com\/:f:\/g\/personal\/as-ms_cultura_gov_it\/EtShrwoMlQRAv77xT0Wb4fEBsEkIQ_Vw_v8Lr4_N2fxVDg?e=ifZIqA\">Diplomatico 0454bis\/495<\/a><\/p>\n<p><strong>1492, marzo 20, Linz<\/strong><\/p>\n<p>L&#8217;imperatore Federico III insignisce Francesco Cybo, conte di Anguillara, nipote di papa Innocenzo VIII<br \/>\nnonch\u00e8 &#8220;gubernator&#8221; dei suoi armigeri, del titolo di conte imperiale palatino insieme con i suoi figli e<br \/>\ndiscendenti; concede inoltre la facolt\u00e0 di legittimare i discendenti nati al di fuori del matrimonio, anche<br \/>\nconcepiti da incesti o da unioni con serve, qualsiasi sia il pregiudizio di legittimit\u00e0. [Cfr. Diplomatico<br \/>\n0454\/495 e Diplomatico 0503c\/495 ]<\/p>\n<p>Copia del: 1551, settembre 7<br \/>\nLa copia \u00e8 stata fatta a Bologna &#8220;in camera actorum communis&#8221;<\/p>\n<p>Supporto: membranaceo mm 293 x 394<\/p>\n<p>Segni di convalida: Presente il &#8220;signum tabellionis&#8221; del notaro estensore della copia e quelli dei notari<br \/>\nsottoscrittori; autenticano le sottoscrizioni notarili il &#8220;Corector&#8221; ed i consoli dell&#8217;Universt\u00e0 dei Notari di<br \/>\nBologna.<\/p>\n<p>Sigilli n.: 1 Sigilli originali n.: 1<\/p>\n<p>&nbsp;<\/p>\n<p><a href=\"https:\/\/beniculturaliit-my.sharepoint.com\/:f:\/g\/personal\/as-ms_cultura_gov_it\/EqE0b4fiw6lGgUnB7CNmJOEBaAkUjQEJaVoQPk03MMeWMA?e=eHi0bK\">Diplomatico 0455\/496<\/a><\/p>\n<p><strong>[1490 &#8211; 1492 luglio], data topica non rilevata<\/strong><\/p>\n<p>Supplica fatta dal marchese Alberico [II Malaspina] di Massa al pontefice [Innocenzo VIII] perch\u00e8 conceda a<br \/>\nlui, a sua madre Taddea e alla sua consorte la facolt\u00e0 di scegliere un prete confessore che abbia facolt\u00e0 di<br \/>\nsciogliere sentenze, censure e pene ecclesiastiche, di rimettere i peccati e di commutare voti e giuramenti.<\/p>\n<p>Datatio: La supplica non \u00e8 datata, gli estermi cronologici sono stati desunti dalla notazione presente sul<br \/>\nverso, tenuto conto che Alberico si sposa nel 1490 e il papa muore il 25 luglio 1492.<\/p>\n<p>Originale<\/p>\n<p>Supporto: membranaceo mm 350 x 467<\/p>\n<p>Sigilli n.: 0 Sigilli originali n.: 0<\/p>\n<p>&nbsp;<\/p>\n<p><a href=\"https:\/\/beniculturaliit-my.sharepoint.com\/:f:\/g\/personal\/as-ms_cultura_gov_it\/EqqrzIOfJUlDp8ChmxXXHugB9RgcaGS9q867A3Ju4KPbKw?e=po0nTb\">Diplomatico 0456\/497<\/a><\/p>\n<p><strong>1493, febbraio 23, Venezia<\/strong><\/p>\n<p>Il doge di Venezia Agostino Barbarigo chiede al marchese Alberico [II] Malaspina di sollecitare il maestro<br \/>\nGiovanni Pietro del Buffa di Carrara, cittadino lucchese, il quale da convenzione \u00e8 tenuto a fornire i blocchi<br \/>\ndi marmo necessari tanto per il palazzo quanto per la chiesa di San Marco, affinch\u00e8 mandi con maggiore<br \/>\ncelerit\u00e0 il marmo richiesto.<\/p>\n<p>Datatio: &#8220;die XXIII febr., ind. XI, MCCCCLXXXXII&#8221;, essendo usato lo stile veneto<\/p>\n<p>Originale<\/p>\n<p>Supporto: membranaceo mm 348 x 403<\/p>\n<p>Sigilli n.: 0 Sigilli originali n.: 0<\/p>\n<p>&nbsp;<\/p>\n<p><a href=\"https:\/\/beniculturaliit-my.sharepoint.com\/:f:\/g\/personal\/as-ms_cultura_gov_it\/EveAoxxbQMxHtMwUQpmkhYoB3VKdN_X2XRhJlDuQ-fV-cQ?e=czRFcw\">Diplomatico 0479\/521 <\/a><\/p>\n<p><strong>1512, marzo 6, Roma<\/strong><\/p>\n<p>Papa Giulio II concede a Giuliano Cybo vescovo di Agrigento, di poter ricevere i redditi dell&#8217;episcopato di<br \/>\nAgrigento e dell&#8217;abbazia &#8220;de Salas&#8221; della chiesa di Burgos. [Cfr. Diplomatico 0475\/517 e 0483\/523]<\/p>\n<p>Originale<\/p>\n<p>Supporto: membranaceo mm 236 x 482 &#8211; Sul verso della pergamena si conserva la traccia di cera del sigillo<br \/>\ndeperdito.<\/p>\n<p>Sigilli n.: 0 Sigilli originali n.: 1<\/p>\n<p>&nbsp;<\/p>\n<p><a href=\"https:\/\/beniculturaliit-my.sharepoint.com\/:f:\/g\/personal\/as-ms_cultura_gov_it\/EmAsuLk3gjRJoxsaevtCxRgBrt4SVwaCqjrFtNM8MU4mGw?e=SHlNGD\">Diplomatico 0354\/379<\/a><\/p>\n<p><strong>1456, dicembre 7, Pavia<\/strong><\/p>\n<p>Il signore di Milano Francesco Sforza ordina che il luogo e il castello di Scaldasole nel comitato di Pavia,<br \/>\nrecentemente acquistato da Francesco della Mirandola conte di Concordia da Stefano e dai fratelli Folperti<br \/>\ndi Pavia, sia libero ed esente da ogni giurisdizione e soggezione della citt\u00e0 di Pavia, e che il soprascritto<br \/>\nconte Francesco ed i suoi successori possano esercitare un potere esclusivo completo e la giurisdizione<br \/>\ncivile e penale nei confronti degli uomini e massari di Scaldasole, purch\u00e8 non venga inflitta la pena del<br \/>\nsangue, nel qual caso si applichi la giurisdizione &#8220;reservata&#8221;.<\/p>\n<p>Originale<\/p>\n<p>Supporto: membranaceo mm 343 x 471 &#8211; Presenti quattro fori al centro della plica praticati per<br \/>\nl&#8217;apposizione di un sigillo pendente deperdito.<\/p>\n<p>Miniature: Capolettera miniato in oro, blu e rosso<\/p>\n<p>Sigilli n.: 0 Sigilli originali n.: 1<\/p>\n<p>&nbsp;<\/p>\n<p><a href=\"https:\/\/beniculturaliit-my.sharepoint.com\/:f:\/g\/personal\/as-ms_cultura_gov_it\/EqpIRQg47GJIoquJMHkk0lEBQhMDHuiyENhgIad-LrpvXw?e=iZ8ghz\">Diplomatico 0311\/332<\/a><\/p>\n<p><strong>1368, novembre 15, Roma<\/strong><\/p>\n<p>L&#8217;imperatore <a href=\"https:\/\/it.wikipedia.org\/wiki\/Carlo_IV_di_Lussemburgo\">Carlo IV<\/a> decreta che qualsiasi concessione, conferma, donazione, privilegio, contratto, indulto<br \/>\ne grazia esistenti, oppure che si venisse a sapere essere state ottenute da persona di qualsiasi grado o<br \/>\ncondizione sociale, non devono essere di danno o generare perdite nei confronti di Argentina Grimaldi,<br \/>\nmoglie del marchese <a href=\"https:\/\/it.wikipedia.org\/wiki\/Galeotto_I_Malaspina\">Galeotto Malaspina<\/a>, del marito e dei suoi eredi, soprattutto se queste concessioni<br \/>\nsono state distribuite a causa di richieste inopportune, oppure per errore, dimenticanza o ignoranza delle<br \/>\nleggi.<\/p>\n<p>Originale<\/p>\n<p>Supporto: membranaceo mm 291 x 340 &#8211; Presenti quattro fori al centro della plica praticati per<br \/>\nl&#8217;apposizione di un sigillo pendente deperdito.<\/p>\n<p>Sigilli n.: 0 Sigilli originali n.: 1<\/p>\n<p>&nbsp;<\/p>\n<p><a href=\"https:\/\/beniculturaliit-my.sharepoint.com\/:f:\/g\/personal\/as-ms_cultura_gov_it\/ElHfAh9UpfJHnfMVpDJg5W8B75M4YJV28fPbaOfJ-jnBIQ?e=30yPF2\">Diplomatico 0312\/330;333<\/a><\/p>\n<p><strong>1369, maggio 15, Lucca <\/strong><\/p>\n<p>Carlo IV, imperatore dei romani e re di Boemia, conferma a Federico del fu <a href=\"https:\/\/it.wikipedia.org\/wiki\/Opizzo_Malaspina\">Opizino<\/a> e a Opizino e Francesco<br \/>\ndel fu Azzone, marchesi Malaspina, il privilegio da lui concesso a Federico e Azzone di Opizino Malaspina,<br \/>\nmarchese di Villafranca.<\/p>\n<p>Datatio: La copia ha erroneamente &#8220;A. Millesimo trecentesimo quinquagesimo quinto, ind. septima, id.<br \/>\nmaii, regnorum a. vicesimo tertio, imperii quinto decimo&#8221;<\/p>\n<p>Copia del: 1522, novembre 23<br \/>\nCopia del notaio &#8220;Ioannes Andreas f. Bernardini Bambarii&#8221; di Reggio fatta su istanza del marchese<br \/>\nGianspinetta Malaspina di Villafranca.<\/p>\n<p>Supporto: membranaceo mm 525 x 411<\/p>\n<p>Sigilli n.: 0 Sigilli originali n.: 0<\/p>\n<p>&nbsp;<\/p>\n<p><a href=\"https:\/\/beniculturaliit-my.sharepoint.com\/:f:\/g\/personal\/as-ms_cultura_gov_it\/EmJYA3B_8cNLglX8H5y7xDABk3DdXlAbo5SADQ1vKUTMgA?e=DUTXV3\">Diplomatico 0322\/344 <\/a><\/p>\n<p><strong>1392, giugno 12, Roma <\/strong><\/p>\n<p><a href=\"https:\/\/it.wikipedia.org\/wiki\/Papa_Bonifacio_IX\">Papa Bonifacio IX<\/a> d\u00e0 mandato al priore di Sant&#8217;Andrea di Carrara e (&#8230;) pievano della pieve di San Vito di<br \/>\nMontignoso di assegnare ad Urso di Gheraduccio di Massa, presbitero della diocesi Lunense, i proventi<br \/>\ndella chiesa di San Remigio di Massa e della chiesa di Santa Maria di Porta Bertrami della stessa diocesi, la<br \/>\nstima dei quali non supera i trenta fiorini d&#8217;oro annui, affinch\u00e8 provveda alla cura delle dette chiese<br \/>\nfintantoch\u00e9 la chiesa di San Remigio di Massa rimane vacante.<\/p>\n<p>Originale<\/p>\n<p>Supporto: membranaceo mm 358 x 400 &#8211; Presenti quattro fori al centro della plica praticati per<br \/>\nl&#8217;apposizione di un sigillo pendente deperdito.<\/p>\n<p>Sigilli n.: 0 Sigilli originali n.: 1<\/p>\n<p>&nbsp;<\/p>\n<p><a href=\"https:\/\/beniculturaliit-my.sharepoint.com\/:f:\/g\/personal\/as-ms_cultura_gov_it\/EvQQrOqGEXlIgi2KVimg_00BF1jPUZxk6T0KZK0DPgP3HQ?e=OkLczP\">Diplomatico 0323\/345<\/a><\/p>\n<p><strong>1392, giugno 28, Roma <\/strong><\/p>\n<p>Papa Bonifacio IX concede al marchese Niccol\u00f2 di Verrucola la licenza di costruire, a fianco della cappella<br \/>\ndedicata a San Giovanni Battista nel castello di Fivizzano, un edificio adibito ad abitazione per monaci<br \/>\neremiti agostiniani, con case, campanile, campana, ed le altre fabbriche necessarie.<\/p>\n<p>Datatio: &#8220;IIII kal. iul., pont. a. tertio&#8221;<\/p>\n<p>Originale<\/p>\n<p>Supporto: membranaceo mm 366 x 419 &#8211; Presenti quattro fori al centro della plica praticati per<br \/>\nl&#8217;apposizione di un sigillo pendente deperdito.<\/p>\n<p>Sigilli n.: 0 Sigilli originali n.: 1<\/p>\n<p>&nbsp;<\/p>\n<p><a href=\"https:\/\/beniculturaliit-my.sharepoint.com\/:f:\/g\/personal\/as-ms_cultura_gov_it\/EtAguhgGETRJuy9kZt2pE74B-h1N6LfpzxMSA9zEBoc2aQ?e=fH7DVA\">Diplomatico 0324\/346<\/a><\/p>\n<p><strong>1393, febbraio 21, Parma <\/strong><\/p>\n<p>Guglielmo Malaspina del fu Iacopo Malaspina &#8220;de Guaita del Mercato novo&#8221; di Verona, abitante in<br \/>\nValpolicella, vende per seicento fiorini d&#8217;oro al marchese Spinetta Malaspina del fu Galeotto, abitante a<br \/>\nParma nella casa degli eredi di Gabriele detto &#8220;ser Cabrio de Zamoreis&#8221; situata nella contrada di San Giorgio<br \/>\na Porta Santa Cristina, tutti gli appezzamenti di terra e i beni che il soprascritto Guglielmo possiede nel<br \/>\ndistretto di Massa di Lunigiana.<\/p>\n<p>Originale<\/p>\n<p>Supporto: membranaceo mm 579 x 359<\/p>\n<p>Segni di convalida: Presente il &#8220;signum tabellionis&#8221; del notaro estensore<\/p>\n<p>Sigilli n.: 0 Sigilli originali n.: 0<\/p>\n<p>&nbsp;<\/p>\n<p><a href=\"https:\/\/beniculturaliit-my.sharepoint.com\/:f:\/g\/personal\/as-ms_cultura_gov_it\/EqGgTJy3J3pIkXjWxbcvXGIBTIUgT4bOHu2S4sO34AamCQ?e=YBqqLu\">Diplomatico 0325\/347<\/a><\/p>\n<p><strong>1397, dicembre 3, Massa, Massa Carrara <\/strong><\/p>\n<p>Il vicario della vicaria di Massa di Lunigiana Bonagiunta di Martino di Lucca, in conformit\u00e0 con quanto \u00e8<br \/>\nstabilito nello statuto sotto la rubrica relativa alle questioni vertenti tra parenti, elegge Michele di<br \/>\nDomenico e Guiduccio di Rolando, entrambi della vicinia di Lavacchio nel comune di San Vitale, in qualit\u00e0 di<br \/>\n&#8220;amici comunes&#8221; per decidere riguardo a tutte le liti vertenti tra Giusto del fu Giovanello della vicinia di<br \/>\nLavacchio e suo fratello Bartolomeo del fu Giovannello i merito alla divisione dell&#8217;eredit\u00e0 lasciata dal fu<br \/>\nGiovannello [segue sentenza].<br \/>\nOriginale<br \/>\nSupporto: membranaceo mm 452 x 313<br \/>\nSegni di convalida: Presente il &#8220;signum tabellionis&#8221; del notaro estensore<br \/>\nSigilli n.: 0 Sigilli originali n.: 0<\/p>\n<p>&nbsp;<\/p>\n<p><a href=\"https:\/\/beniculturaliit-my.sharepoint.com\/:f:\/g\/personal\/as-ms_cultura_gov_it\/EgO-kaq-dYhHlbQ9Qf29atgBPfV5ZUx9ms6ad8h7z_R-cA?e=9RmiV9\">Diplomatico 0326\/348 (*)<\/a><\/p>\n<p><strong>[Sec. XIV ?<\/strong>], data topica non rilevata<\/p>\n<p>Frammento di un antico registro in cui sono annotate le diverse quantit\u00e0 di grano annualmente dovute a<br \/>\npi\u00f9 persone a titolo di fitto; non \u00e8 rilevabile il nome del debitore, mentre si leggono i nomi dei notai Campo<br \/>\ne Bonagiunta di Bonaiuto, rispettivamente alle note n. 2 e n. 4.<br \/>\nOriginale<br \/>\nSupporto: bifolio membranaceo mm 374 x 414 (aperto)<br \/>\nSigilli n.: 0 Sigilli originali n.: 0<br \/>\n(*) Questa pergamena \u00e8 composta da due fogli.<\/p>\n<p>&nbsp;<\/p>\n<p><a href=\"https:\/\/beniculturaliit-my.sharepoint.com\/:f:\/g\/personal\/as-ms_cultura_gov_it\/Ei0CO725lFxDvc9IOp4K2JEB34ueeLS4xNUxAXGtB0SRLA?e=gSEpS4\">Diplomatico 0327\/349<\/a><\/p>\n<p><strong>1401, agosto 25, Bologna <\/strong><\/p>\n<p>Ser Dosio del fu ser Giovanni &#8220;de Caputiis&#8221; di Imola, abitante presso la cappella di San Genesio di Bologna,<br \/>\ne sua moglie Costanza del fu Bartolomeo &#8220;de Cozzis&#8221; di Sarzana, nominano ser Giovanni del fu Leonardo di<br \/>\nLerici, ser Giovanni del fu Fedrighello di Sarzana, Antonio del fu Giovanni &#8220;de Cozzis&#8221; di Sarzana e Gaspare<br \/>\ndel fu Giorgione di Vezzano procuratori speciali per le cause pendenti nei confronti di Pietro di Martino; la<br \/>\nsoprascritta Costanza nomina inoltre queste stesse persone suoi procuratori nell&#8217;amministrazione dei beni<br \/>\nimmobili trasmessi &#8220;in solutum&#8221; o in dote al predetto Dosio, beni costituiti da due terreni posseduti per<br \/>\nmet\u00e0, posti vicino al castello di Trebbiano e a Vezzano, da un &#8220;casamentum&#8221; e da sei terreni, in parte<br \/>\nposseduti per met\u00e0, posti presso Arcola nelle seguenti localit\u00e0: Porcaredo, Gazzano, La Lama, Gliarizzo,<br \/>\nPiedemonte.<\/p>\n<p>Originale<\/p>\n<p>Supporto: membranaceo mm 586 x 224<\/p>\n<p>Segni di convalida: Presente il &#8220;signum tabellionis&#8221; del notaro estensore<\/p>\n<p>Sigilli n.: 0 Sigilli originali n.: 0<\/p>\n<p>&nbsp;<\/p>\n<p><a href=\"https:\/\/beniculturaliit-my.sharepoint.com\/:f:\/g\/personal\/as-ms_cultura_gov_it\/EjPz4uni-5tJremCFSeSjmgBFwRMoOCTJrOUZs7H7tMWyw?e=lX8ck7\">Diplomatico 0328\/350<\/a><\/p>\n<p><strong>1401, dicembre 13, Arcola, La Spezia <\/strong><\/p>\n<p>Antonio del fu ser Giovanni del fu Bartolomeo giudice &#8220;de Cozzis&#8221; di Sarzana, in qualit\u00e0 di procuratore di<br \/>\nDosio del fu Giovanni &#8220;de Capuciis&#8221; di Imola, abitante in Bologna, e di Costanza figlia del fu Bartolomeo &#8220;de<br \/>\nCozzis&#8221; di Sarzana e moglie dello stesso Dosio, entra in possesso delle terre che il predetto Dosio ha avuto<br \/>\nin dote dalla stessa Costanza, consistenti nella met\u00e0 di un terreno con casamento situato nel distretto di<br \/>\nArcola in localit\u00e0 &#8220;Piazii&#8221; e di altre sei met\u00e0 porzioni di terreni posti nel medesimo distretto nelle seguenti<br \/>\nlocalit\u00e0: &#8220;Gazano&#8221;, &#8220;Iaricio&#8221;, &#8220;Pedemonte&#8221;, e &#8220;Porcareta&#8221;.<\/p>\n<p>Originale<\/p>\n<p>Supporto: membranaceo mm 358 x 202<\/p>\n<p>Segni di convalida: Presente il &#8220;signum tabellionis&#8221; del notaro estensore<\/p>\n<p>Sigilli n.: 0 Sigilli originali n.: 0<\/p>\n<p>&nbsp;<\/p>\n<p><a href=\"https:\/\/beniculturaliit-my.sharepoint.com\/:f:\/g\/personal\/as-ms_cultura_gov_it\/EocBIQgZt0FJidF0XrPJVDABx7c46e3UneJ40cbjNCwXmw?e=4bwjLY\">Diplomatico 0329\/351<\/a><\/p>\n<p><strong>1403, dicembre 2, Sarzana, La Spezia <\/strong><\/p>\n<p>Antoniaccio figlio del fu ser Giovanni di Sarzana a nome suo e di suo fratello Andrea dichiara di aver<br \/>\nricevuto da &#8220;Alaxia&#8221; figlia del fu Andrea dei nobili di Falcinello, vedova del suddetto ser Giovanni e madre<br \/>\ndei suddetti Antoniaccio e Andrea, tanta quantit\u00e0 di biada, frumento e panico e tanto vino e olio quanto<br \/>\nspettava per diritto alla stessa &#8220;Alaxia&#8221; per i trascorsi sedici anni per il valore, stimato tra i contraenti, di<br \/>\nduecento fiorini; per la qual cosa Antoniaccio assegna a titolo di pagamento alla madre una casa con tutte<br \/>\nle massarizie situata in Sarzana nella piazza Carcandola, tre vigne poste nel distretto di Sarzana in localit\u00e0<br \/>\n&#8220;Agrorolo&#8221;, un orto con due &#8220;casamenta&#8221; nello stesso distretto in localit\u00e0 San Francesco, cinque staia di<br \/>\nfrumento &#8220;fict.&#8221; e tuttte i terreni arabili e a prato posti nello stesso distretto in localit\u00e0 Camponesto.<\/p>\n<p>Datatio: Il documento reca &#8220;ind. tredicesima&#8221;, ma nell&#8217;anno 1403 correva l&#8217;indizione romana undicesima.<\/p>\n<p>Originale<\/p>\n<p>Supporto: membranaceo mm 472 x 366<\/p>\n<p>Segni di convalida: Presente il &#8220;signum tabellionis&#8221; del notaro estensore<\/p>\n<p>Sigilli n.: 0 Sigilli originali n.: 0<\/p>\n<p>&nbsp;<\/p>\n<p><a href=\"https:\/\/beniculturaliit-my.sharepoint.com\/:f:\/g\/personal\/as-ms_cultura_gov_it\/Ev2D-ZAnyTdBmnbwgePDCNABKzAyIWI7YWJ9BnYTQ59m7g?e=BTzOtC\">Diplomatico 0211\/219<\/a><\/p>\n<p><strong>1340, dicembre 15, Massa, Massa Carrara <\/strong><\/p>\n<p>Questa pergamena, che riporta due documenti corrispondenti al regesto n. 219 di E. Lasinio, fa parte di<br \/>\nuna serie di pergamene (Diplomatico 0020 &#8211; 0111; 0114-0300) contenenti atti di acquisto e di locazione in<br \/>\naffitto di beni immobili stipulati da Spinetta Malaspina, marchese di Verrucola. Cfr. Diplomatico 0305\/325.<\/p>\n<p>Copia<\/p>\n<p>Supporto: membranaceo mm 425 x 182<\/p>\n<p>Sigilli n.: 0 Sigilli originali n.: 0<\/p>\n<p>&nbsp;<\/p>\n<p><a href=\"https:\/\/beniculturaliit-my.sharepoint.com\/:f:\/g\/personal\/as-ms_cultura_gov_it\/EhlMRkXAqy9Dkh2Udnnx6V0BrY-SY9-e9q4LpeCm83yRUQ?e=Bhtlsr\">Diplomatico 0212\/220<\/a><\/p>\n<p><strong>1340, dicembre 16, Massa, Massa Carrara<\/strong><\/p>\n<p>Questa pergamena, che riporta due documenti corrispondenti al regesto n. 220 di E. Lasinio, fa parte di<br \/>\nuna serie di pergamene (Diplomatico 0020 &#8211; 0111; 0114-0300) contenenti atti di acquisto e di locazione in<br \/>\naffitto di beni immobili stipulati da Spinetta Malaspina, marchese di Verrucola. Cfr. Diplomatico 0305\/325.<\/p>\n<p>Copia<\/p>\n<p>Supporto: membranaceo mm 469 x 167<\/p>\n<p>Sigilli n.: 0 Sigilli originali n.: 0<\/p>\n<p>&nbsp;<\/p>\n<p><a href=\"https:\/\/beniculturaliit-my.sharepoint.com\/:f:\/g\/personal\/as-ms_cultura_gov_it\/ElvdV4VtNFxGoTN7Tt-971MBGZAawuiLmbB2iJza4Gl4QA?e=1Eily6\">Diplomatico 0213\/221<\/a><\/p>\n<p><strong>1340, dicembre 18, Massa, Massa Carrara<\/strong><\/p>\n<p>Questa pergamena, che riporta due documenti corrispondenti al regesto n. 221 di E. Lasinio, fa parte di<br \/>\nuna serie di pergamene (Diplomatico 0020 &#8211; 0111; 0114-0300) contenenti atti di acquisto e di locazione in<br \/>\naffitto di beni immobili stipulati da Spinetta Malaspina, marchese di Verrucola. Cfr. Diplomatico 0305\/325.<\/p>\n<p>Copia<\/p>\n<p>Supporto: membranaceo mm 437 x 164<\/p>\n<p>Sigilli n.: 0 Sigilli originali n.: 0<\/p>\n<p>&nbsp;<\/p>\n<p><a href=\"https:\/\/beniculturaliit-my.sharepoint.com\/:f:\/g\/personal\/as-ms_cultura_gov_it\/Eg0FJ33kn35HkNuXTzvH1jMB0Flk7k7FXnLOnMKjm67_lg?e=uWA4K6\">Diplomatico 0214\/222<\/a><\/p>\n<p><strong>1340, dicembre 18, Massa, Massa Carrara<\/strong><\/p>\n<p>Questa pergamena, che riporta due documenti corrispondenti al regesto n. 222 di E. Lasinio, fa parte di<br \/>\nuna serie di pergamene (Diplomatico 0020 &#8211; 0111; 0114-0300) contenenti atti di acquisto e di locazione in<br \/>\naffitto di beni immobili stipulati da Spinetta Malaspina, marchese di Verrucola. Cfr. Diplomatico 0305\/325.<\/p>\n<p>Copia<\/p>\n<p>Supporto: membranaceo mm 454 x 174<\/p>\n<p>Sigilli n.: 0 Sigilli originali n.: 0<\/p>\n<p>&nbsp;<\/p>\n<p><a href=\"https:\/\/beniculturaliit-my.sharepoint.com\/:f:\/g\/personal\/as-ms_cultura_gov_it\/ElBzHwNY_EZAkG1zqYhKObsB_rpdSQBmx0eILmHQkdpHIg?e=1MaudX\">Diplomatico 0220\/229<\/a><\/p>\n<p><strong>1341, gennaio 1, Massa, Massa Carrara<\/strong><\/p>\n<p>Questa pergamena, che riporta due documenti corrispondenti al regesto n. 229 di E. Lasinio, fa parte di<br \/>\nuna serie di pergamene (Diplomatico 0020 &#8211; 0111; 0114-0300) contenenti atti di acquisto e di locazione in<br \/>\naffitto di beni immobili stipulati da Spinetta Malaspina, marchese di Verrucola. Cfr. Diplomatico 0305\/325.<\/p>\n<p>Copia<\/p>\n<p>Supporto: membranaceo mm 444 x 171<\/p>\n<p>Sigilli n.: 0 Sigilli originali n.: 0<\/p>\n<p>&nbsp;<\/p>\n<p><a href=\"https:\/\/beniculturaliit-my.sharepoint.com\/:f:\/g\/personal\/as-ms_cultura_gov_it\/ElvhxsROcrdPqMfLgP5nXFwBir0QsY6y7C3vGcNYaPAkIQ?e=iIzSWh\">Diplomatico 0001\/1<\/a><\/p>\n<p><strong>962, dicembre 9, Viterbo<\/strong><\/p>\n<p>L&#8217;imperatore Ottone I dona in perpetuo a Guido Cybo, tribuno dei cavalieri del Sacro Romano Impero, il<br \/>\npossesso di alcuni castelli in Val d&#8217;Arno, cio\u00e8 Montevarchi, Corsalone e Laterina.<br \/>\nSospetto falso del: sec. XVI<br \/>\nFalso diploma redatto da Alfonso Ceccarelli<br \/>\nVedi: Diplomatico 0001bis\/1<br \/>\nSupporto: membranaceo mm 414 x 280<\/p>\n<p>&nbsp;<\/p>\n<p><a href=\"https:\/\/beniculturaliit-my.sharepoint.com\/:f:\/g\/personal\/as-ms_cultura_gov_it\/EnA_BAw7xJdBo-cBSkuVjP4BZp-UL6-VpJhZs7VCEOmDFw?e=QDoT3C\">Diplomatico 0001bis\/1<\/a><\/p>\n<p><strong>962, dicembre 9, Viterbo<\/strong><\/p>\n<p>L&#8217;imperatore Ottone I dona in perpetuo a Guido Cybo, tribuno dei cavalieri del Sacro Romano Impero, il<br \/>\npossesso di alcuni castelli in Val d&#8217;Arno, cio\u00e8 Montevarchi, Corsalone e Laterina.<br \/>\nSospetto falso del: 1581, maggio 13<br \/>\nFalso in copia autentica. Si tratta della copia del documento contenuto in Diplomatico 0001\/1, fatta<br \/>\neseguire da &#8220;Hieronimus Mattheius&#8221;, protonotario apostolico, su istanza di &#8220;Iacobus Antonius Lomatius&#8221;,<br \/>\nprocuratore di Alberico Cybo Malaspina.<br \/>\nVedi: Diplomatico 0001\/1<br \/>\nSupporto: membranaceo mm 623 x 445<\/p>\n<p>&nbsp;<\/p>\n<p><a href=\"https:\/\/beniculturaliit-my.sharepoint.com\/:f:\/g\/personal\/as-ms_cultura_gov_it\/EuQxKrO-twBMgzXtQBACq84Byclv6P8aE6UwVcwnF90iiw?e=d19JTI\">Diplomatico 0002\/2<\/a><\/p>\n<p><strong>1125 &#8211; 1130, Laterano, Roma<\/strong><\/p>\n<p>Papa Onorio II conferma al conte Marco Antonio il possesso dei castelli di Monte Marte, Onano e Lugnano,<br \/>\ngi\u00e0 concesso dagli imperatori Ottone II ed Enrico II.<\/p>\n<p>Datatio: La copia ha erroneamente: &#8220;A. Domini Millesimo centesimo trigesimo primo, ind. quarta&#8221;<\/p>\n<p>Sospetto falso del: 1592, ottobre 2<br \/>\nFalso in copia autentica. La copia della falsa bolla, opera di Alfonso Ceccarelli, fu fatta eseguire per ordine<br \/>\ndi papa Clemente VIII dal cardinale Enrico Caetani, camerario del Sacro Palazzo.<\/p>\n<p>Supporto: membranaceo mm 449 x 578<br \/>\nSigilli n.: 0 Sigilli originali n.: 0<\/p>\n<p>&nbsp;<\/p>\n<p><a href=\"https:\/\/beniculturaliit-my.sharepoint.com\/:f:\/g\/personal\/as-ms_cultura_gov_it\/EkoMInuy-v9KpFXddY9uqyMBZUz6YXw_YchMMe1_HRQB3A?e=neiFlE\">Diplomatico 0003\/3<\/a><\/p>\n<p><strong>1204, gennaio 5, Massa, Massa Carrara<\/strong><\/p>\n<p>Paganello, figlio del marchese di Corsica Guglielmo [Pallodi], concede in affitto a Gerardo de Mainelda del<br \/>\nfu Montanino di San Vitale alcuni appezzamenti di terreno ed un vigneto posti nella piana di San Vitale<br \/>\nnonch\u00e9 cinque piante di olivo, di cui due in Salario, altre due in Gropparo ed una in Fornolo, e due piante di<br \/>\ncastagni situate in Mozzeto, ricevendo annualmente due sestari di frumento.<\/p>\n<p>Datatio: Lo stile in uso a Massa \u00e8 quello della Nativit\u00e0. Data topica:&#8221;Act. Masse in curia Guilielmi march.<br \/>\npredicti&#8221;<\/p>\n<p>Originale<\/p>\n<p>Supporto: membranaceo mm 324 x 120<\/p>\n<p>Sigilli n.: 0 Sigilli originali n.: 0<\/p>\n<p>&nbsp;<\/p>\n<p><a href=\"https:\/\/beniculturaliit-my.sharepoint.com\/:f:\/g\/personal\/as-ms_cultura_gov_it\/EjAYc1zp4xlChqhKSHXcYdIBfyRYts-pXuS1WxAptWnUZQ?e=Nhaycr\">Diplomatico 0004\/4<\/a><\/p>\n<p><strong>1211, maggio 19, Fivizzano, Massa Carrara<\/strong><\/p>\n<p>Pietro del fu Silvestro, Girolamo del fu Simone, Bertolino del fu Domenico e Domenico del fu Girolamo,<br \/>\ntutti di Aulla, insieme con Simonino del fu Simone, Francesco del fu Pietro detto Malandrino, Guglielmino<br \/>\ndel fu Guglielmo e Taddeo del fu P[asqu]ale, tutti di Olivola, i quali sono stati eletti dai sindici del Comune di<br \/>\nAulla Domenico del fu Francesco e Antonio del fu Pietro, da una parte, e da Matteo e da Cosimo del fu<br \/>\nSansone di Olivola, dall&#8217;altra, per arbitrare in merito alla controversia sui confini composta tramite<br \/>\ncompromesso stipulato il 14 maggio 1211, stabiliscono che una pietra posta vicino al fiume Taverone<br \/>\nchiamata il Groppo di Morignano sia presa come confine tra le comunit\u00e0 di Aulla ed Olivola.<br \/>\nDatatio: Lo stile in uso a Fivizzano \u00e8 quello della Nativit\u00e0.<br \/>\nCopia del: [inizio sec. XV]<br \/>\nCopia autentica<br \/>\nSupporto: membranaceo mm 417 x 245<br \/>\nSegni di convalida: Presenti sia il &#8220;signum tabellionis&#8221; del notaro estensore della copia sia quello del notaro<br \/>\nsottoscrittore.<br \/>\nSigilli n.: 0 Sigilli originali n.: 0<br \/>\nLa pergamena proviene dall&#8217;Archivio dei Malaspina di Olivola, acquistato dall&#8217;ASMS nel 1890.<\/p>\n<p>&nbsp;<\/p>\n<p><a href=\"https:\/\/beniculturaliit-my.sharepoint.com\/:f:\/g\/personal\/as-ms_cultura_gov_it\/Eo6mKpu_zvBHjr2qtxyx2ZYBQ9U_22SZp9DspRVyD9z9fg?e=V2jduk\">Diplomatico 0005\/5<\/a><\/p>\n<p><strong>1213, settembre 12, Massa, Massa Carrara<\/strong><\/p>\n<p>Il marchese di Massa Opizino, figlio del fu marchese Raniero [Pallodi], concede in affitto ad Albertino di<br \/>\nToscanetto di Bergiola, per conto proprio e di suo fratello Corrado, alcuni appezzamenti di terra situati in<br \/>\nVignaregia, la met\u00e0 di un vigneto &#8220;pro indiviso&#8221; situato nel suddetto luogo e la met\u00e0 di un pezzo di terra con<br \/>\nolivi situato in Sala Vecchia per tre denari imperiali e mezzo, gli stessi tre appezzamenti che il marchese<br \/>\nPallodino [Pallodi] aveva dato allo stesso Albertino, secondo quanto risulta dalla carta del notaro<br \/>\nBonaccorso.<br \/>\nDatatio: E&#8217; usata l&#8217;indizione del settembre.<br \/>\nOriginale<br \/>\nSupporto: membranaceo mm 340 x 149<br \/>\nSegni di convalida: Presente il &#8220;signum tabellionis&#8221; del notaro rogatore<br \/>\nSigilli n.: 0 Sigilli originali n.: 0<\/p>\n<p>&nbsp;<\/p>\n<p><a href=\"https:\/\/beniculturaliit-my.sharepoint.com\/:f:\/g\/personal\/as-ms_cultura_gov_it\/EouU44VEs8tDkfFQ0o4Mo2UBZosd3ACtHdzyNWxvcL3FwQ?e=bgxq1x\">Diplomatico 0006\/6<\/a><\/p>\n<p><strong>1233, marzo 8, Massa, Massa Carrara<\/strong><\/p>\n<p>Bartolomeo di Pagano di Massa, visconte della Curia della fu donnicella Benedetta [Pallodi] di Massa, a<br \/>\nnome della suddetta Curia e per il corrispettivo annuale di quattro denari imperiali, d\u00e0 in enfiteusi due<br \/>\nterreni, uno situato in localit\u00e0 &#8220;Alteto&#8221;, l&#8217;altro, dove \u00e8 presente una vigna, in localit\u00e0 &#8220;Torre&#8221;, a Bonalbergo<br \/>\ndi Tancredi di Mirteto, il quale accetta per s\u00e8 e per suo genero Benvenuto.<\/p>\n<p>Datatio: A Massa \u00e8 usato lo stile della Nativit\u00e0. Data topica: &#8220;Ante domum Iacopelli qd. Castellane&#8221;<\/p>\n<p>Copia del: 1336, ottobre 1<br \/>\nCopia autentica del notaro di Lavacchio Matteo di ser Binello estratta dai rogiti di Ugolino, notaro e medico<br \/>\ndi Massa, su autorizzazione di Lancillotto de Martinis, vicario della vicaria di Massa.<\/p>\n<p>Supporto: membranaceo mm 195 x 230<br \/>\nSegni di convalida: Presente il &#8220;signum tabellionis&#8221; del notaro rogatore<br \/>\nSigilli n.: 0 Sigilli originali n.: 0<\/p>\n<p>&nbsp;<\/p>\n<p><a href=\"https:\/\/beniculturaliit-my.sharepoint.com\/:f:\/g\/personal\/as-ms_cultura_gov_it\/EhiXsxXpzJpDuhZjiJPILccByTQCGCnICrzBxLEdimc30g?e=ZoiSql\">Diplomatico 0007\/7<\/a><\/p>\n<p><strong>1238, aprile 11, Massa, Massa Carrara<\/strong><\/p>\n<p>Bartolomeo di Pagano di Massa, in qualit\u00e0 di visconte della marchesana di Massa e &#8220;iudicissa&#8221; di Cagliari<br \/>\nAgnese [Pallodi], figlia del fu marchese Guglielmo, nonch\u00e9 del donicello Guglielmo figlio di Benedetta<br \/>\n[Pallodi], donicella di Massa, come da strumento rogato per mano del notaro e giudice Deotesalvo di<br \/>\nGualfredo di Settimo, concede in affitto a Bona del fu Conetto di Casalecchio tutti i possessi che erano del<br \/>\nfu Vivaldo de Pelegrina, in modo che la suddetta Bona tenga questi possessi a vita per uno staio di orzo<br \/>\nannuo; nel caso poi che la di lei figlia Romea, oppure suo marito qualora essa si sposi, verser\u00e0 alla stessa<br \/>\nBona venti soldi imperiali, allora potr\u00e0 tenere questi possessi dopo la sua morte, altrimenti questi<br \/>\ntorneranno alla Curia dei suddetti Agnese e Guglielmo.<br \/>\nDatatio: Lo stile in uso a Massa \u00e8 quello della Nativit\u00e0<br \/>\nOriginale<br \/>\nSupporto: membranaceo mm 215 x 150<br \/>\nSegni di convalida: Presente il &#8220;signum tabellionis&#8221; del notaro rogatore<br \/>\nSigilli n.: 0 Sigilli originali n.: 0<\/p>\n<p>&nbsp;<\/p>\n<p><a href=\"https:\/\/beniculturaliit-my.sharepoint.com\/:f:\/g\/personal\/as-ms_cultura_gov_it\/EnIDDfIjiB1AnPREwpUf63gBU9J27sdS6TFf62maAykyyw?e=xuRcDZ\">Diplomatico 0008\/8<\/a><\/p>\n<p><strong>1251, settembre 22, Varzi, Pavia<\/strong><\/p>\n<p>Enricaccio della citt\u00e0 di Varzi d\u00e0 quietanza di quanto dovuto dalla chiesa dell&#8217;ospedale di Banzolo a<br \/>\nGuglielmo &#8220;de Petratecta&#8221;, rettore della suddetta chiesa.<\/p>\n<p>Originale<br \/>\nSupporto: membranaceo mm 570 x 184<br \/>\nSegni di convalida: Presente il &#8220;signum tabellionis&#8221; del notaro estensore<br \/>\nSigilli n.: 0 Sigilli originali n.: 0<\/p>\n<p>&nbsp;<\/p>\n<p><a href=\"https:\/\/beniculturaliit-my.sharepoint.com\/:f:\/g\/personal\/as-ms_cultura_gov_it\/EhgMDmvtX-tKuVxdIBoF7lgB40n0qaCA4XqLIQk_GyEVWQ?e=eAX8dC\">Diplomatico 0009\/9;11-16<\/a><\/p>\n<p><strong>1252, aprile 13 &#8211; luglio 15, Perugia &#8211; Tortona<\/strong><\/p>\n<p>La pergamena contiene sette documenti riguardanti la causa tra l&#8217;ospedale di &#8220;Banzolo&#8221; della diocesi di<br \/>\nBobbio e &#8220;Albertus de Carice&#8221;, corrispondenti ai regesti 9; 11-16 del Regesto di E. Lasinio (cfr. Diplomatico<br \/>\n0008\/8 e 0010\/10). Di questi documenti si d\u00e0 un&#8217;ordinamento cronologico, lo stesso seguito dal Lasinio; la<br \/>\nloro successione sulla pergamena \u00e8 la seguente: 0009b, 0009c, 0009d, 0009e, 0009f, 0009g, 0009a.<br \/>\nCopia<br \/>\nSupporto: membranaceo mm 560 x 187<br \/>\nSigilli n.: 0 Sigilli originali n.: 0<\/p>\n<p>&nbsp;<\/p>\n<p><a href=\"https:\/\/beniculturaliit-my.sharepoint.com\/:f:\/g\/personal\/as-ms_cultura_gov_it\/Elm3CE8tqPJGq29LHGeLBkcBADuFZpDtfnsN5nTVMQlYAQ?e=kLxg5Z\">Diplomatico 0010\/10<\/a><\/p>\n<p><strong>1252, giugno 19, &#8220;Vingria&#8221;, Tortona<\/strong><\/p>\n<p>Guglielmo &#8220;de Petratichia&#8221;, rettore dell&#8217;ospedale di Banzolo, si appella contro la sentenza sfavorevole a lui<br \/>\ne al soprascritto ospedale in presenza del canonico Botto &#8220;de Vingria&#8221;, giudice delegato dalla sede<br \/>\napostolica per dirimere la causa fra lo stesso Guglielmo e Albertino di Angelerio &#8220;de Cars&#8221;.<\/p>\n<p>Originale<\/p>\n<p>Supporto: membranaceo mm 145 x 225<\/p>\n<p>Segni di convalida: Presente il &#8220;signum tabellionis&#8221; del notaro estensore<\/p>\n<p>Sigilli n.: 0 Sigilli originali n.: 0<\/p>\n<p>&nbsp;<\/p>\n<p><a href=\"https:\/\/beniculturaliit-my.sharepoint.com\/:f:\/g\/personal\/as-ms_cultura_gov_it\/EndC0C7ROA9DrblIzHQvPAEB5YBnkW8K8n46cwXdGxaifA?e=6ehFek\">Diplomatico 0011\/17<\/a><\/p>\n<p><strong>1259, gennaio 4, Massa, Massa Carrara<\/strong><\/p>\n<p>Corso di Catania di Massa presta giuramento come vassallo a Bonifacio di Massa del fu Bartolomeo per i<br \/>\nbeni che tiene in Massa e nel suo distretto, ed &#8220;in plano Capelli&#8221;.<\/p>\n<p>Datatio: Lo stile in uso a Massa \u00e8 quello della Nativit\u00e0<\/p>\n<p>Copia<br \/>\nCopia sincrona del notaro Cervellino di Pietrasanta, estratta dai rogiti del padre Riccardino di Pietrasanta.<\/p>\n<p>Supporto: membranaceo mm 245 x 110<\/p>\n<p>Sigilli n.: 0 Sigilli originali n.: 0<\/p>\n<p>&nbsp;<\/p>\n<p><a href=\"https:\/\/beniculturaliit-my.sharepoint.com\/:f:\/g\/personal\/as-ms_cultura_gov_it\/Eo0f5U-CtkpPn7AjxVtv4qkB2KfiO_GDzOjydQQv9JicLA?e=nbxIbs\">Diplomatico 0012\/18<\/a><\/p>\n<p><strong>1265, dicembre 6, Forno, Massa Carrara<\/strong><\/p>\n<p>Ugolino di Morteto del fu Carlino, castaldo e procuratore di Pallodino [Pallodi], marchese di Massa, d\u00e0 a<br \/>\nSostegno di Brunello di Bergiola la met\u00e0 di una vigna &#8220;pro indivisa&#8221; posta in localit\u00e0 detta Forcola &#8220;ad<br \/>\npensionem reddendam&#8221; annua di un soldo genovese; per il servizio di locazione dichiara di aver ricevuto il<br \/>\ncompenso di quindici soldi.<\/p>\n<p>Datatio: Lo stile in uso a Massa \u00e8 quello della Nativit\u00e0<\/p>\n<p>Copia<br \/>\nCopia sincrona del notaio Guido del fu Alemanno &#8220;prout rogatione cancellata&#8221; del fu notaio Oppicino,<br \/>\nredatta su commissione di Bonifacio del fu Bartolomeo.<br \/>\nSupporto: membranaceo mm 283 x 140<br \/>\nSegni di convalida: Presente il &#8220;signum tabellionis&#8221; del notaro estensore della copia<\/p>\n<p>Sigilli n.: 0 Sigilli originali n.: 0<\/p>\n<p>&nbsp;<\/p>\n<p><a href=\"https:\/\/beniculturaliit-my.sharepoint.com\/:f:\/g\/personal\/as-ms_cultura_gov_it\/EnnsOLKDWtRMtny_w9lbdwwBM0RNgy_47fa740MSKhhW_w?e=r0rRQq\">Diplomatico 0013\/19<\/a><\/p>\n<p><strong>[1266], agosto 17, Bagnara, Massa Carrara<\/strong><\/p>\n<p>Bernardello di Milone di Massa, dietro compenso di dieci lire di Genova, rinuncia a quanto gli spetta<br \/>\nriguardo a due terreni, di cui uno con edificio, posti nelle localit\u00e0 Groppino e Vignola di Massa di Lunigiana<br \/>\nin favore di Alberto [Pallodi] del fu Andrea, marchese di Massa, il quale accetta per s\u00e9 e per i suoi nipoti<br \/>\nPallodino e fratelli.<\/p>\n<p>Datatio: Il documento \u00e8 datato &#8220;Eodem anno et ind., die XVII intr. ag&#8230;&#8221; , manca quindi l&#8217;anno di cui il<br \/>\nnotaro d\u00e0 per\u00f2 indicazione nella sottoscrizione, dove dice di averlo desunto dal rogito successivo.<br \/>\nCopia del: ne sec. XIV<br \/>\nCopia autentica del notaro di Lavacchio Matteo di ser Binello estratta dai rogiti del notaro Calandrino &#8220;de<br \/>\nlicenza sibi concessa a ser Iacobo Peschaliesis&#8221;, notaro di Lucca e luogotenente del vicario di Massa, come<br \/>\nda strumento redatto da ser Michele di Coluccio di Massa.<br \/>\nSupporto: membranaceo mm 483 x 154<br \/>\nSegni di convalida: Presente il &#8220;signum tabellionis&#8221; del notaro estensore della copia<\/p>\n<p>Sigilli n.: 0 Sigilli originali n.: 0<\/p>\n<p>&nbsp;<\/p>\n<p><a href=\"https:\/\/beniculturaliit-my.sharepoint.com\/:f:\/g\/personal\/as-ms_cultura_gov_it\/EqLIczAUN1BOnHlKs-DDH54B3ebBStnYewlzxABiNpGGvQ?e=LZq4w8\">Diplomatico 0014\/20<\/a><\/p>\n<p><strong>1315, settembre 30, Castellaro, Massa Carrara<\/strong><\/p>\n<p>Guccio di Spinello di Massa, castaldo di Roberto [Pallodi] e del vescovo [di Populonia] Giovanni [Pallodi],<br \/>\nconcede in affitto a Lupardo di Saladino di Bergiola un appezzamento di terreno posto nel comune di San<br \/>\nVitale, in localit\u00e0 detta Cafaggio.<\/p>\n<p>Datatio: Lo stile in uso a Massa \u00e8 quello della Nativit\u00e0. Data topica: &#8220;Act. in l. d. Castellare apud domum<br \/>\nhabitationis Alberti Lombardi&#8221;<br \/>\nCopia<br \/>\nCopia sincrona del notaro di Massa Iacopo del fu Calandrino estratta dai rogiti di Simon (Moncello)<br \/>\nVentura, notaro di Lavacchio.<br \/>\nVedi: Diplomatico 0014bis-a\/20<br \/>\nDiplomatico 0014bis-b\/20<br \/>\nSupporto: membranaceo mm 215 x 183<br \/>\nSegni di convalida: Presente il &#8220;signum tabellionis&#8221; del notaro estensore della copia<\/p>\n<p>Sigilli n.: 0 Sigilli originali n.: 0<\/p>\n<p>&nbsp;<\/p>\n<p><a href=\"https:\/\/beniculturaliit-my.sharepoint.com\/:f:\/g\/personal\/as-ms_cultura_gov_it\/Ej8JI9ThJyVCmn5LnBRNbhQBmp12JVtpkvxQEDvkcZ-Row?e=qMVTe7\">Diplomatico 0014bis\/20<\/a><\/p>\n<p><strong>1315, settembre 30, Castellaro, Massa Carrara<\/strong><\/p>\n<p>Questa pergamena, corrispondente al regesto n. 20 di E. Lasinio, contiene due documenti, il primo dei<br \/>\nquali \u00e8 mancante delle formule del protocollo e delle prime formule del testo, per cui non \u00e8 possibile farne<br \/>\nil regesto, l&#8217;altro \u00e8 la copia sincrona dell&#8217;atto contenuto in Diplomatico 0014\/20.<\/p>\n<p>Datatio: Lo stile in uso a Massa \u00e8 quello della Nativit\u00e0<\/p>\n<p>Copia<\/p>\n<p>Supporto: membranaceo mm 351 x 150<br \/>\nStato di conservazione: Mediocre malgrado l&#8217;opera di restauro: la pergamena \u00e8 mutila della parte superiore<\/p>\n<p>Sigilli n.: 0 Sigilli originali n.: 0<\/p>\n<p>&nbsp;<\/p>\n<p><a href=\"https:\/\/beniculturaliit-my.sharepoint.com\/:f:\/g\/personal\/as-ms_cultura_gov_it\/ElynrGbY-ztHtmBmUjYBdbUBklhR3xZ7L0jTmls8uObI0w?e=X094p6\">Diplomatico 0015\/21<\/a><\/p>\n<p><strong>1316, gennaio 7, Bagnara, Massa Carrara<\/strong><\/p>\n<p>Giovanni [Pallodi], vescovo di Populonia e di Massa Marittima nonch\u00e9 marchese di Massa e Corsica, a<br \/>\nnome suo, del fratello Andrea detto Materassa e dei figli dell&#8217;altro fratello defunto Fredino, concede in<br \/>\naffitto a Bonafemina, moglie di Guidone di Buonfiglio di Massa, vari appezzamenti di terra situate nelle<br \/>\nlocalit\u00e0: San Remedio, Rivomortolo, &#8220;Posticcio&#8221;, Turano e Sopra Rocca.<\/p>\n<p>Datatio: La formula &#8220;a nat.&#8221;, che compare in tutte le pergamene rogate a Massa, \u00e8 qui sostituita da &#8220;a inc.&#8221;,<br \/>\nma con significato generico e senza riguardo al principio dell&#8217;anno, come si desume dall&#8217;indizione<br \/>\n(quattordicesima)<\/p>\n<p>Originale<\/p>\n<p>Supporto: membranaceo mm 361 x 214<br \/>\nSegni di convalida: Presente il &#8220;signum tabellionis&#8221; del notaro estensore<\/p>\n<p>Sigilli n.: 0 Sigilli originali n.: 0<\/p>\n<p>&nbsp;<\/p>\n<p><a href=\"https:\/\/beniculturaliit-my.sharepoint.com\/:f:\/g\/personal\/as-ms_cultura_gov_it\/Eu235bAo7KxCvLYGkftwnQ8BtJYsu7htuAa41QuGWlvgvQ?e=y97mob\">Diplomatico 0016\/22<\/a><\/p>\n<p><strong>1329, gennaio 19, Pisa<\/strong><\/p>\n<p>L&#8217;imperatore Ludovico IV restituisce al marchese Spinetta Malaspina il castello e le terre di Verrucola Bosi e<br \/>\nrevoca tutti i bandi e le condanne pronunciate contro di lui da Castruccio Castracani.<\/p>\n<p>Originale<\/p>\n<p>Supporto: membranaceo mm 325 x 320 &#8211; Presenti quattro fori al centro della plica praticati per<br \/>\nl&#8217;apposizione di un sigillo pendente deperdito.<\/p>\n<p>Sigilli n.: 0 Sigilli originali n.: 1<\/p>\n<p>&nbsp;<\/p>\n<p><a href=\"https:\/\/beniculturaliit-my.sharepoint.com\/:f:\/g\/personal\/as-ms_cultura_gov_it\/EvgRP1Qj4W5Fi6f3DTm2tWgBe97LoCe1dqBINo-3gnpExQ?e=p61FFb\">Diplomatico 0017\/23<\/a><\/p>\n<p><strong>1329, febbraio 28, Pisa<\/strong><\/p>\n<p>L&#8217;imperatore Ludovico IV approva le acquisizioni che il marchese Spinetta Malaspina ha fatto o far\u00e0 per<br \/>\nquanto riguarda i beni feudali che si trovano nelle terre restituitegli dalla maest\u00e0 imperiale, a condizione<br \/>\nche siano conformi alle leggi, agli statuti e alle consuetudini. [Cfr. Diplomatico 0020\/27 &#8211; 300\/320]<\/p>\n<p>Originale<\/p>\n<p>Supporto: membranaceo mm 305 x 378 &#8211; Presenti quattro fori al centro della plica praticati per<br \/>\nl&#8217;apposizione di un sigillo pendente deperdito.<\/p>\n<p>Sigilli n.: 0 Sigilli originali n.: 1<\/p>\n<p>&nbsp;<\/p>\n<p><a href=\"https:\/\/beniculturaliit-my.sharepoint.com\/:f:\/g\/personal\/as-ms_cultura_gov_it\/EjeTmAytM1tOm-gJz4LhGasB9kZob_GxxWmHlyVWK4IZHA?e=8IUap8\">Diplomatico 0018\/24<\/a><\/p>\n<p><strong>1331, aprile 12, Parma<\/strong><\/p>\n<p>Giovanni, re di Boemia e di Polonia concede al marchese Spinetta Malaspina e ai suoi eredi l&#8217;investitura dei<br \/>\ncastelli e delle terre poste nella vicaria di Camporgiano in Garfagnana [segue elenco].<\/p>\n<p>Originale<\/p>\n<p>Supporto: membranaceo mm 440 x 411<\/p>\n<p>Segni di convalida: Presenti i &#8220;signa tabellionis&#8221; del notaro rogante e del notaro sottoscrittore<\/p>\n<p>Sigilli n.: 0 Sigilli originali n.: 0<\/p>\n<p>&nbsp;<\/p>\n<p><a href=\"https:\/\/beniculturaliit-my.sharepoint.com\/:f:\/g\/personal\/as-ms_cultura_gov_it\/EgPdNM_ewJpMp3gVO1LEXFcBCukXU6eKcrn1gwXGTLHNqg?e=oOYWWT\">Diplomatico 0019\/25<\/a><\/p>\n<p><strong>1331, luglio &#8211; dicembre, data topica assente<\/strong><\/p>\n<p>Davanti a ser Nicola di San Gimignanano, ufficiale dei ribelli del comune di Lucca, Ser Lando di Rontino<br \/>\nForteguerra della contrada di Borgo San Frediano a Lucca, a titolo di procuratore dei fratelli Michele, Nicol\u00f2<br \/>\ne Francesco, i cui genitori sono Ghita del fu Matteo di Bonifacio &#8220;Gottori&#8221; di Lucca e Pagano, figlio delllo<br \/>\nstesso Lando, Nicol\u00f2 di Lanfredo, procuratore di Deccha figlia di Duccio Boccadivacca e di Katerina, figlia<br \/>\ndello soprascritto Matteo nonch\u00e8 Nello di Ricciardo, procuratore di Moccina, figlia dello stesso Matteo e<br \/>\nmoglie di Nicol\u00f2 Porti de Podio, chiedono, a nome dei loro congiunti e ciascuno per un terzo, il possesso<br \/>\ndell&#8217;eredit\u00e0 del soprascritto Matteo [seguono le case, le terre e gli affitti in cui consta l&#8217;eredit\u00e0].<\/p>\n<p>Datatio: Data rilevata dall&#8217;intestazione al documento: &#8220;Sub a. nativitatis Domini Millesimo trecentesimo<br \/>\ntrigesimo primo, ind. quartadecima et quinta decima pro ultimis sex mensibus &#8230;&#8221;<\/p>\n<p>Originale<\/p>\n<p>Supporto: membranaceo mm 372 x 531<br \/>\nStato di conservazione: Mediocre: la pergamena, pur restaurata, \u00e8 mutila delle formule dell&#8217;escatocollo e<br \/>\ndella sottoscrizione notarile.<\/p>\n<p>Sigilli n.: 0 Sigilli originali n.: 0<\/p>\n<p>&nbsp;<\/p>\n<p><a href=\"https:\/\/beniculturaliit-my.sharepoint.com\/:f:\/g\/personal\/as-ms_cultura_gov_it\/EkSKz6PvR3JJuzkqVsc0a9YBsgkjAlG3O8U4P8xd1pvTOw?e=adQxGo\">Diplomatico 0020\/27<\/a><\/p>\n<p><strong>1339, ottobre 4, Massa, Massa Carrara<\/strong><\/p>\n<p>Questa pergamena, contenente due documenti corrispondenti al regesto n. 27 di E. Lasinio, \u00e8 la prima di<br \/>\nuna serie di pergamene estratte per mano del notaio Nicol\u00f2 di Pietro da Camporgiano dal libro delle<br \/>\nimbreviature del notaio Gerardo del fu Buonafede da Camporgiano, contenente &#8220;inter alia&#8221; contratti di<br \/>\nvendite e affitti fatti da Corso di Gianni da Fucecchio, in qualit\u00e0 di procuratore del marchese Spinetta<br \/>\nMalaspina. Le altre pergamene di questa serie sono: Diplomatico 0021\/26 &#8211; 0111\/120; 114\/123 &#8211; 0300\/320.<br \/>\nCfr. anche Diplomatico 0305\/325.<\/p>\n<p>Datatio: E&#8217; usata l&#8217;indizione del Settembre<\/p>\n<p>Copia<\/p>\n<p>&nbsp;<\/p>\n<p><a href=\"https:\/\/beniculturaliit-my.sharepoint.com\/:f:\/g\/personal\/as-ms_cultura_gov_it\/EtmAtUPykilPhmgXaIARUd8BYmM8DvKUI0d6Rd_tG5fLIg?e=0P27pL\">Diplomatico 0021\/26<\/a><\/p>\n<p><strong>1339, ottobre 4, Massa, Massa Carrara<\/strong><\/p>\n<p>Questa pergamena, che riporta due documenti corrispondenti al regesto n. 26 di E. Lasinio, fa parte di una<br \/>\nserie di pergamene (Diplomatico 0020 &#8211; 0111; 0114-0300) contenenti atti di acquisto e di locazione in<br \/>\naffitto di beni immobili stipulati da Spinetta Malaspina, marchese di Verrucola. Cfr. Diplomatico 0305\/325.<\/p>\n<p>Datatio: E&#8217; usata l&#8217;indizione del Settembre<\/p>\n<p>Copia<\/p>\n<p>Supporto: membranaceo mm 755 x 250<\/p>\n<p>Sigilli n.: 0 Sigilli originali n.: 0<\/p>\n<p>&nbsp;<\/p>\n<p><a href=\"https:\/\/beniculturaliit-my.sharepoint.com\/:f:\/g\/personal\/as-ms_cultura_gov_it\/EnLDcQKcbAxJoZYeWM4SQXQBmYO94ikuxIDauA-hGs68Cw?e=qEbr8W\">Diplomatico 0022\/28 <\/a><\/p>\n<p><strong>1339, ottobre 5, Massa, Massa Carrara<\/strong><\/p>\n<p>Questa pergamena, che riporta due documenti corrispondenti al regesto n. 28 di E. Lasinio, fa parte di una<br \/>\nserie di pergamene (Diplomatico 0020 &#8211; 0111; 0114-0300) contenenti atti di acquisto e di locazione in<br \/>\naffitto di beni immobili stipulati da Spinetta Malaspina, marchese di Verrucola. Cfr. Diplomatico 0305\/325.<\/p>\n<p>Copia<\/p>\n<p>Supporto: membranaceo mm 481 x 168<\/p>\n<p>Sigilli n.: 0 Sigilli originali n.: 0<\/p>\n<p>&nbsp;<\/p>\n<p>Diploma<\/p>\n<p><a href=\"https:\/\/beniculturaliit-my.sharepoint.com\/:f:\/g\/personal\/as-ms_cultura_gov_it\/EnjvFzG7-V1CkPablMg_010Bc6JMgjlYI1aBjPiQdgMH2A?e=mW7Pg4\">Diplomatico 0023\/29<\/a><\/p>\n<p><strong>1339, ottobre 6 &#8211; 7, Massa, Massa Carrara<\/strong><\/p>\n<p>Questa pergamena, che riporta quattro documenti corrispondenti ai regesti n. 29 e n. 32 di E. Lasinio, fa<br \/>\nparte di una serie di 281 pergamene (Diplomatico 0020 &#8211; 0111; 0114 &#8211; 0300) contenenti atti di acquisto e di<br \/>\nlocazione in affitto di beni immobili stipulati da Spinetta Malaspina, marchese di Verrucola. Cfr. Diplomatico<br \/>\n0305\/325.<\/p>\n<p>Copia<\/p>\n<p>Supporto: membranaceo mm 732 x 162<\/p>\n<p>Sigilli n.: 0 Sigilli originali n.: 0<\/p>\n<p>&nbsp;<\/p>\n<p><a href=\"https:\/\/beniculturaliit-my.sharepoint.com\/:f:\/g\/personal\/as-ms_cultura_gov_it\/Ei4Fdpatkn5KjSIcgyuR45oBpWiNu4kY7n0ul8OHddTfQA?e=afr7s8\">Diplomatico 0024\/30;31<\/a><\/p>\n<p><strong>1339, ottobre 6, Massa, Massa Carrar<\/strong>a<\/p>\n<p>Questa pergamena, che riporta quattro documenti corrispondenti ai regesti n. 30 e n. 31 di E. Lasinio, fa<br \/>\nparte di una serie di 281 pergamene (Diplomatico 0020 &#8211; 0111; 0114 &#8211; 0300) contenenti atti di acquisto e di<br \/>\nlocazione in affitto di beni immobili stipulati da Spinetta Malaspina, marchese di Verrucola. Cfr. Diplomatico<br \/>\n0305\/325.<\/p>\n<p>Copia<\/p>\n<p>Supporto: membranaceo mm 813 x 169<br \/>\nSigilli n.: 0 Sigilli originali n.: 0<\/p>\n<p>&nbsp;<\/p>\n<p><a href=\"https:\/\/beniculturaliit-my.sharepoint.com\/:f:\/g\/personal\/as-ms_cultura_gov_it\/EqcNNLZlgupPrHLDZ0d73TsBNnTxDkmkThZZXD1lW51nYw?e=UVFTZy\">Diplomatico 0025\/33;34<\/a><\/p>\n<p><strong>1339, ottobre 7, Massa, Massa Carrara<\/strong><\/p>\n<p>Questa pergamena, che riporta quattro documenti corrispondenti ai regesti n. 33 e n. 34 di E. Lasinio, fa<br \/>\nparte di una serie di 281 pergamene (Diplomatico 0020 &#8211; 0111; 0114 &#8211; 0300) contenenti atti di acquisto e di<br \/>\nlocazione in affitto di beni immobili stipulati da Spinetta Malaspina, marchese di Verrucola. Cfr. Diplomatico<br \/>\n0305\/325.<\/p>\n<p>Copia<\/p>\n<p>Supporto: membranaceo mm 684 x 161<\/p>\n<p>Sigilli n.: 0 Sigilli originali n.: 0<\/p>\n<p>&nbsp;<\/p>\n<p><a href=\"https:\/\/beniculturaliit-my.sharepoint.com\/:f:\/g\/personal\/as-ms_cultura_gov_it\/EqJt_OWUJstMmxC-1ZB1MzYBblARJ-OWN7LS3WcSK-9fnA?e=KE5aRW\">Diplomatico 0026\/35<\/a><\/p>\n<p><strong>1339, ottobre 7, Massa, Massa Carrara<\/strong><\/p>\n<p>Questa pergamena, che riporta due documenti corrispondenti al regesto n. 35 di E. Lasinio, fa parte di una<br \/>\nserie di pergamene (Diplomatico 0020 &#8211; 0111; 0114-0300) contenenti atti di acquisto e di locazione in<br \/>\naffitto di beni immobili stipulati da Spinetta Malaspina, marchese di Verrucola. Cfr. Diplomatico 0305\/325.<\/p>\n<p>Copia<\/p>\n<p>Supporto: membranaceo mm 404 x 184<\/p>\n<p>Sigilli n.: 0 Sigilli originali n.: 0<\/p>\n<p>&nbsp;<\/p>\n<p><a href=\"https:\/\/beniculturaliit-my.sharepoint.com\/:f:\/g\/personal\/as-ms_cultura_gov_it\/Eu_xknOlofVBvjaIPP21KkEBq7laYpz5RCzGztnSZ__qlw?e=RuShsO\">Diplomatico 0026bis\/36<\/a><\/p>\n<p><strong>1339, ottobre 10, Massa, Massa Carrara<\/strong><\/p>\n<p>Questa pergamena, che riporta due documenti corrispondenti al regesto n. 36 di E. Lasinio, fa parte di una<br \/>\nserie di pergamene (Diplomatico 0020 &#8211; 0111; 0114-0300) contenenti atti di acquisto e di locazione in<br \/>\naffitto di beni immobili stipulati da Spinetta Malaspina, marchese di Verrucola. Cfr. Diplomatico 0305\/325.<\/p>\n<p>Copia<\/p>\n<p>Supporto: membranaceo mm 470 x 157<\/p>\n<p>Sigilli n.: 0 Sigilli originali n.: 0<\/p>\n<p>&nbsp;<\/p>\n<p><a href=\"https:\/\/beniculturaliit-my.sharepoint.com\/:f:\/g\/personal\/as-ms_cultura_gov_it\/EvndJ3KDoBlDjoaCGvGfvcABHJseBfTkO7GEkPsStTsidw?e=U6R5uX\">Diplomatico 0027\/37<\/a><\/p>\n<p><strong>1339, ottobre 10, Massa, Massa Carrara<\/strong><\/p>\n<p>Questa pergamena, che riporta due documenti corrispondenti al regesto n. 37 di E. Lasinio, fa parte di una<br \/>\nserie di pergamene (Diplomatico 0020 &#8211; 0111; 0114-0300) contenenti atti di acquisto e di locazione in<br \/>\naffitto di beni immobili stipulati da Spinetta Malaspina, marchese di Verrucola. Cfr. Diplomatico 0305\/325.<\/p>\n<p>Copia<\/p>\n<p>Supporto: membranaceo mm 539 x 159<\/p>\n<p>Sigilli n.: 0 Sigilli originali n.: 0<\/p>\n<p>&nbsp;<\/p>\n<p><a href=\"https:\/\/beniculturaliit-my.sharepoint.com\/:f:\/g\/personal\/as-ms_cultura_gov_it\/EnnXhJ5ebc1Aun2Rqor8PVsBXB14epYxUQq2Q6ycpdVYsw?e=GophrT\">Diplomatico 0028\/38;79<\/a><\/p>\n<p><strong>1339, ottobre 10 &#8211; 18, Massa, Massa Carrara<\/strong><\/p>\n<p>Questa pergamena, che riporta quattro documenti corrispondenti ai regesti n. 28 e n. 79 di E. Lasinio, fa<br \/>\nparte di una serie di 281 pergamene (Diplomatico 0020 &#8211; 0111; 0114 &#8211; 0300) contenenti atti di acquisto e di<br \/>\nlocazione in affitto di beni immobili stipulati da Spinetta Malaspina, marchese di Verrucola. Cfr. Diplomatico<br \/>\n0305\/325.<\/p>\n<p>Copia<br \/>\nSupporto: membranaceo mm 782 x 174<\/p>\n<p>Sigilli n.: 0 Sigilli originali n.: 0<\/p>\n<p>&nbsp;<\/p>\n<p><a href=\"https:\/\/beniculturaliit-my.sharepoint.com\/:f:\/g\/personal\/as-ms_cultura_gov_it\/EhipfeiqThNJsrQhMqUe_hQBJnKsm8VButiLuw3Evi8CxQ?e=hUef05\">Diplomatico 0029\/39<\/a><\/p>\n<p><strong>1339, ottobre 10, Massa, Massa Carrara<\/strong><\/p>\n<p>Questa pergamena, che riporta due documenti corrispondenti al regesto n. 39 di E. Lasinio, fa parte di una<br \/>\nserie di pergamene (Diplomatico 0020 &#8211; 0111; 0114-0300) contenenti atti di acquisto e di locazione in<br \/>\naffitto di beni immobili stipulati da Spinetta Malaspina, marchese di Verrucola. Cfr. Diplomatico 0305\/325.<\/p>\n<p>Copia<\/p>\n<p>Supporto: membranaceo mm 360 x 174<\/p>\n<p>Sigilli n.: 0 Sigilli originali n.: 0<\/p>\n<p>&nbsp;<\/p>\n<p><a href=\"https:\/\/beniculturaliit-my.sharepoint.com\/:f:\/g\/personal\/as-ms_cultura_gov_it\/Eun97UyiiRRLjfSINNCtz6kBAbfRWGe2lmPAA2gybGVsrw?e=ubOohN\">Diplomatico 0030\/40<\/a><\/p>\n<p><strong>1339, ottobre 11, Massa, Massa Carrara<\/strong><\/p>\n<p>Questa pergamena, che riporta due documenti corrispondenti al regesto n. 40 di E. Lasinio, fa parte di una<br \/>\nserie di pergamene (Diplomatico 0020 &#8211; 0111; 0114-0300) contenenti atti di acquisto e di locazione in<br \/>\naffitto di beni immobili stipulati da Spinetta Malaspina, marchese di Verrucola. Cfr. Diplomatico 0305\/325.<\/p>\n<p>Copia<\/p>\n<p>Supporto: membranaceo mm 480 x 155<\/p>\n<p>Sigilli n.: 0 Sigilli originali n.: 0<\/p>\n<p>&nbsp;<\/p>\n<p><a href=\"https:\/\/beniculturaliit-my.sharepoint.com\/:f:\/g\/personal\/as-ms_cultura_gov_it\/EglP9ym8v-pOu0cvM3_HlpkBKWq2mu5WxLv6F27OYPsKaw?e=0AN0PS\">Diplomatico 0031\/41<\/a><\/p>\n<p><strong>1339, ottobre 11, Massa, Massa Carrara<\/strong><\/p>\n<p>Questa pergamena, che riporta due documenti corrispondenti al regesto n. 41 di E. Lasinio, fa parte di una<br \/>\nserie di pergamene (Diplomatico 0020 &#8211; 0111; 0114-0300) contenenti atti di acquisto e di locazione in<br \/>\naffitto di beni immobili stipulati da Spinetta Malaspina, marchese di Verrucola.<\/p>\n<p>Copia<\/p>\n<p>Supporto: membranaceo mm 455 x 143<\/p>\n<p>Sigilli n.: 0 Sigilli originali n.: 0<\/p>\n<p>&nbsp;<\/p>\n<p><a href=\"https:\/\/beniculturaliit-my.sharepoint.com\/:f:\/g\/personal\/as-ms_cultura_gov_it\/EtV2hS42wkFKkzdvYG6uvfMBCVbO_HlcYofg7h36ElcCFQ?e=Y7J0bu\">Diplomatico 0032\/42<\/a><\/p>\n<p><strong>1339, ottobre 12, Massa, Massa Carrara<\/strong><\/p>\n<p>Questa pergamena, che riporta due documenti corrispondenti al regesto n.<strong> 42<\/strong> di E. Lasinio, fa parte di una<br \/>\nserie di pergamene (Diplomatico 0020 &#8211; 0111; 0114-0300) contenenti atti di acquisto e di locazione in<br \/>\naffitto di beni immobili stipulati da Spinetta Malaspina, marchese di Verrucola.<\/p>\n<p>Copia<\/p>\n<p>Supporto: membranaceo mm 436 x 227<\/p>\n<p>Sigilli n.: 0 Sigilli originali n.: 0<\/p>\n<p>&nbsp;<\/p>\n<p><a href=\"https:\/\/beniculturaliit-my.sharepoint.com\/:f:\/g\/personal\/as-ms_cultura_gov_it\/EsWHRhC4XXZBvgKylHRP7joBth-y0UnRYpwRkKFj3Qxs2g?e=R3Sjba\">Diplomatico 0033\/43<\/a><\/p>\n<p><strong>1339, ottobre 12, Massa, Massa Carrara<\/strong><\/p>\n<p>Questa pergamena, che riporta due documenti corrispondenti al regesto n. <strong>43<\/strong> di E. Lasinio, fa parte di una<br \/>\nserie di pergamene (Diplomatico 0020 &#8211; 0111; 0114-0300) contenenti atti di acquisto e di locazione in<br \/>\naffitto di beni immobili stipulati da Spinetta Malaspina, marchese di Verrucola. (Cfr. anche Diplomatico<br \/>\n0305\/325)<\/p>\n<p>Copia<\/p>\n<p>Supporto: membranaceo mm 462 x 192<\/p>\n<p>Sigilli n.: 0 Sigilli originali n.: 0<\/p>\n<p>&nbsp;<\/p>\n<p><a href=\"https:\/\/beniculturaliit-my.sharepoint.com\/:f:\/g\/personal\/as-ms_cultura_gov_it\/EjEKH6v4yNZPvKrvN5sNx0MBl_HGgn2yfAxQXwVNtECacg?e=5MEqbg\">Diplomatico 0034\/44<\/a><\/p>\n<p><strong>1339, ottobre 12, Massa, Massa Carrara<\/strong><\/p>\n<p>Questa pergamena, che riporta due documenti corrispondenti al regesto n.<strong> 44<\/strong> di E. Lasinio, fa parte di una<br \/>\nserie di pergamene (Diplomatico 0020 &#8211; 0111; 0114-0300) contenenti atti di acquisto e di locazione in<br \/>\naffitto di beni immobili stipulati da Spinetta Malaspina, marchese di Verrucola. (Cfr. anche Diplomatico<br \/>\n0305\/325)<\/p>\n<p>Copia<\/p>\n<p>Supporto: membranaceo mm 365 x 191<\/p>\n<p>Sigilli n.: 0 Sigilli originali n.: 0<\/p>\n<p>&nbsp;<\/p>\n<p><a href=\"https:\/\/beniculturaliit-my.sharepoint.com\/:f:\/g\/personal\/as-ms_cultura_gov_it\/EvsFYHXcdtZIhc7TrWYhHQUBF0i4Vnx_VuTxVLPI9z_oGA?e=EQJr16\">Diplomatico 0035\/45<\/a><\/p>\n<p><strong>1339, ottobre 12, Massa, Massa Carrara<\/strong><\/p>\n<p>Questa pergamena, che riporta due documenti corrispondenti al regesto n. <strong>45<\/strong> di E. Lasinio, fa parte di una<br \/>\nserie di pergamene (Diplomatico 0020 &#8211; 0111; 0114-0300) contenenti atti di acquisto e di locazione in<br \/>\naffitto di beni immobili stipulati da Spinetta Malaspina, marchese di Verrucola. (Cfr. anche Diplomatico<br \/>\n0305\/325)<\/p>\n<p>Copia<\/p>\n<p>Supporto: membranaceo mm 479 x 156<\/p>\n<p>Sigilli n.: 0 Sigilli originali n.: 0<\/p>\n<p>&nbsp;<\/p>\n<p><a href=\"https:\/\/beniculturaliit-my.sharepoint.com\/:f:\/g\/personal\/as-ms_cultura_gov_it\/EkwX-UCRL-tKmk3yw909S2ABQRLzEp-1QWGILHW4wnk9hg?e=VmQqrv\">Diplomatico 0036\/46<\/a><\/p>\n<p><strong>1339, ottobre 12, Massa, Massa Carrara<\/strong><\/p>\n<p>Questa pergamena, che riporta due documenti corrispondenti al regesto n. <strong>46<\/strong> di E. Lasinio, fa parte di una<br \/>\nserie di pergamene (Diplomatico 0020 &#8211; 0111; 0114-0300) contenenti atti di acquisto e di locazione in<br \/>\naffitto di beni immobili stipulati da Spinetta Malaspina, marchese di Verrucola. (Cfr. anche Diplomatico<br \/>\n0305\/325)<\/p>\n<p>Copia<\/p>\n<p>Supporto: membranaceo mm 435 x 185<\/p>\n<p>Sigilli n.: 0 Sigilli originali n.: 0<\/p>\n<p>&nbsp;<\/p>\n<p><a href=\"https:\/\/beniculturaliit-my.sharepoint.com\/:f:\/g\/personal\/as-ms_cultura_gov_it\/EoRbdLuupIVEoEx2zEV831wB9ybXk3Ev1mkkbLrS3xKTvA?e=xxFgpE\">Diplomatico 0037\/47<\/a><\/p>\n<p><strong>1339, ottobre 12, Massa, Massa Carrara<\/strong><\/p>\n<p>Questa pergamena, che riporta due documenti corrispondenti al regesto n. <strong>47<\/strong> di E. Lasinio, fa parte di una<br \/>\nserie di pergamene (Diplomatico 0020 &#8211; 0111; 0114-0300) contenenti atti di acquisto e di locazione in<br \/>\naffitto di beni immobili stipulati da Spinetta Malaspina, marchese di Verrucola. (Cfr. Diplomatico 0305\/325)<\/p>\n<p>Copia<\/p>\n<p>Supporto: membranaceo mm 426 x 178<br \/>\nSigilli n.: 0 Sigilli originali n.: 0<\/p>\n<p>&nbsp;<\/p>\n<p><a href=\"https:\/\/beniculturaliit-my.sharepoint.com\/:f:\/g\/personal\/as-ms_cultura_gov_it\/EiMpT_81rL5OjOdGHEVyLbABd1reB06voiD7eCy_TJLSmg?e=BOUPhe\">Diplomatico 0038\/48<\/a><\/p>\n<p><strong>1339, ottobre 12, Massa, Massa Carrara<\/strong><\/p>\n<p>Questa pergamena, che riporta due documenti corrispondenti al regesto n. <strong>48<\/strong> di E. Lasinio, fa parte di una<br \/>\nserie di pergamene (Diplomatico 0020 &#8211; 0111; 0114-0300) contenenti atti di acquisto e di locazione in<br \/>\naffitto di beni immobili stipulati da Spinetta Malaspina, marchese di Verrucola. (Cfr. Diplomatico 0305\/325)<\/p>\n<p>Copia<\/p>\n<p>Supporto: membranaceo mm 525 x 190<\/p>\n<p>Sigilli n.: 0 Sigilli originali n.: 0<\/p>\n<p>&nbsp;<\/p>\n<p><a href=\"https:\/\/beniculturaliit-my.sharepoint.com\/:f:\/g\/personal\/as-ms_cultura_gov_it\/Egz6kLKvQjpOiLM77CSrUPUB7DLrmAAnKpYbHOU_zdgK7w?e=VKHocX\">Diplomatico 0039\/49<\/a><\/p>\n<p><strong>1339, ottobre 12, Massa, Massa Carrara<\/strong><\/p>\n<p>Questa pergamena, che riporta due documenti corrispondenti al regesto n. <strong>49<\/strong> di E. Lasinio, fa parte di una<br \/>\nserie di pergamene (Diplomatico 0020 &#8211; 0111; 0114-0300) contenenti atti di acquisto e di locazione in<br \/>\naffitto di beni immobili stipulati da Spinetta Malaspina, marchese di Verrucola. (Cfr. Diplomatico 0305\/325)<\/p>\n<p>Copia<\/p>\n<p>Supporto: membranaceo mm 460 x 157<br \/>\nSigilli n.: 0 Sigilli originali n.: 0<\/p>\n<p>&nbsp;<\/p>\n<p><a href=\"https:\/\/beniculturaliit-my.sharepoint.com\/:f:\/g\/personal\/as-ms_cultura_gov_it\/EuS7E8kz6mdIty4HZM40wVABYhg8K0ul4K5IKOuc1QCxWg?e=jyykJ0\">Diplomatico 0040\/50<\/a><\/p>\n<p><strong>1339, ottobre 12, Massa, Massa Carrara<\/strong><\/p>\n<p>Questa pergamena, che riporta due documenti corrispondenti al regesto n. <strong>50<\/strong> di E. Lasinio, fa parte di una<br \/>\nserie di pergamene (Diplomatico 0020 &#8211; 0111; 0114-0300) contenenti atti di acquisto e di locazione in<br \/>\naffitto di beni immobili stipulati da Spinetta Malaspina, marchese di Verrucola. (Cfr. Diplomatico 0305\/325)<\/p>\n<p>Copia<\/p>\n<p>Supporto: membranaceo mm 435 x 191<\/p>\n<p>Sigilli n.: 0 Sigilli originali n.: 0<\/p>\n<p>&nbsp;<\/p>\n<p><a href=\"https:\/\/beniculturaliit-my.sharepoint.com\/:f:\/g\/personal\/as-ms_cultura_gov_it\/EmUVD0rdDtVHlrswNy8Y1jIBYLMZEd1mFHrO3NDsihZVyA?e=hSklTu\">Diplomatico 0041\/51<\/a><\/p>\n<p><strong>1339, ottobre 12, Massa, Massa Carrara<\/strong><\/p>\n<p>Questa pergamena, che riporta due documenti corrispondenti al regesto n. 51 di E. Lasinio, fa parte di una<br \/>\nserie di pergamene (Diplomatico 0020 &#8211; 0111; 0114-0300) contenenti atti di acquisto e di locazione in<br \/>\naffitto di beni immobili stipulati da Spinetta Malaspina, marchese di Verrucola. (Cfr. Diplomatico 0305\/325)<\/p>\n<p>Copia<\/p>\n<p>Supporto: membranaceo mm 466 x 178<\/p>\n<p>Sigilli n.: 0 Sigilli originali n.: 0<\/p>\n<p>&nbsp;<\/p>\n<p><a href=\"https:\/\/beniculturaliit-my.sharepoint.com\/:f:\/g\/personal\/as-ms_cultura_gov_it\/EvKr-_K7HnxKh8UK6ysDONoBAvjbGwwCH38Ekq75CYaARw?e=TGkGCd\">Diplomatico 0042\/52<\/a><\/p>\n<p><strong>1339, ottobre 12, Massa, Massa Carrara<\/strong><\/p>\n<p>Questa pergamena, che riporta due documenti corrispondenti al regesto n. 52 di E. Lasinio, fa parte di una<br \/>\nserie di pergamene (Diplomatico 0020 &#8211; 0111; 0114-0300) contenenti atti di acquisto e di locazione in<br \/>\naffitto di beni immobili stipulati da Spinetta Malaspina, marchese di Verrucola. (Cfr. Diplomatico 0305\/325)<\/p>\n<p>Copia<\/p>\n<p>Supporto: membranaceo mm 448 x 193<\/p>\n<p>Sigilli n.: 0 Sigilli originali n.: 0<\/p>\n<p>&nbsp;<\/p>\n<p><a href=\"https:\/\/beniculturaliit-my.sharepoint.com\/:f:\/g\/personal\/as-ms_cultura_gov_it\/EjVMtLwI1yJAsCp5rXtV45MBzGVeZITHVpGqJPGpFZA6aA?e=dCtAvI\">Diplomatico 0043\/53<\/a><\/p>\n<p><strong>1339, ottobre 13, Massa, Massa Carrara<\/strong><\/p>\n<p>Questa pergamena, che riporta due documenti corrispondenti al regesto n. 53 di E. Lasinio, fa parte di una<br \/>\nserie di pergamene (Diplomatico 0020 &#8211; 0111; 0114-0300) contenenti atti di acquisto e di locazione in<br \/>\naffitto di beni immobili stipulati da Spinetta Malaspina, marchese di Verrucola. (Cfr. Diplomatico 0305\/325)<\/p>\n<p>Copia<\/p>\n<p>Supporto: membranaceo mm 424 x 157<br \/>\nSigilli n.: 0 Sigilli originali n.: 0<\/p>\n<p>&nbsp;<\/p>\n<p><a href=\"https:\/\/beniculturaliit-my.sharepoint.com\/:f:\/g\/personal\/as-ms_cultura_gov_it\/EjRvqg3R6GZLv9q0wB4tk7sB2jBXcnvcxxDxkT0moHqptw?e=zcR6mP\">Diplomatico 0044\/54<\/a><\/p>\n<p><strong>1339, ottobre 13, Massa, Massa Carrara<\/strong><\/p>\n<p>Questa pergamena, che riporta due documenti corrispondenti al regesto n. 54 di E. Lasinio, fa parte di una<br \/>\nserie di pergamene (Diplomatico 0020 &#8211; 0111; 0114-0300) contenenti atti di acquisto e di locazione in<br \/>\naffitto di beni immobili stipulati da Spinetta Malaspina, marchese di Verrucola. (Cfr. Diplomatico 0305\/325)<\/p>\n<p>Copia<\/p>\n<p>Supporto: membranaceo mm 411 x 193<br \/>\nSigilli n.: 0 Sigilli originali n.: 0<\/p>\n<p>&nbsp;<\/p>\n<p><a href=\"https:\/\/beniculturaliit-my.sharepoint.com\/:f:\/g\/personal\/as-ms_cultura_gov_it\/EgjzSusu8xBBoWv4LoOI8hEBSOG_ikFlnfYq1OORMvCp9g?e=YbzX25\">Diplomatico 0045\/55<\/a><\/p>\n<p><strong>1339, ottobre 13, Massa, Massa Carrara<\/strong><\/p>\n<p>Questa pergamena, che riporta due documenti corrispondenti al regesto n. 55 di E. Lasinio, fa parte di una<br \/>\nserie di pergamene (Diplomatico 0020 &#8211; 0111; 0114-0300) contenenti atti di acquisto e di locazione in<br \/>\naffitto di beni immobili stipulati da Spinetta Malaspina, marchese di Verrucola. (Cfr. Diplomatico 0305\/325)<\/p>\n<p>Copia<\/p>\n<p>Supporto: membranaceo mm 499 x 142<br \/>\nSigilli n.: 0 Sigilli originali n.: 0<\/p>\n<p>&nbsp;<\/p>\n<p><a href=\"https:\/\/beniculturaliit-my.sharepoint.com\/:f:\/g\/personal\/as-ms_cultura_gov_it\/EqsGKhZqSCdNq41RJzrAbLoBC_MaiBRZJ_blS4qeuyu31Q?e=JVlGjc\">Diplomatico 0046\/56<\/a><\/p>\n<p><strong>1339, ottobre 13, Massa, Massa Carrara<\/strong><\/p>\n<p>Questa pergamena, che riporta due documenti corrispondenti al regesto n. 56 di E. Lasinio, fa parte di una<br \/>\nserie di pergamene (Diplomatico 0020 &#8211; 0111; 0114-0300) contenenti atti di acquisto e di locazione in<br \/>\naffitto di beni immobili stipulati da Spinetta Malaspina, marchese di Verrucola. (Cfr. Diplomatico 0305\/325)<\/p>\n<p>Copia<br \/>\nSupporto: membranaceo mm 495 x 137<br \/>\nSigilli n.: 0 Sigilli originali n.: 0<\/p>\n<p>&nbsp;<\/p>\n<p><a href=\"https:\/\/beniculturaliit-my.sharepoint.com\/:f:\/g\/personal\/as-ms_cultura_gov_it\/Eo_xOZO8I0hIvnSeqCJnlzMBEfYNzl8mwOZxUx1tvQi5SQ?e=P0PlSA\">Diplomatico 0047\/57<\/a><\/p>\n<p><strong>1339, ottobre 13, Massa, Massa Carrara<\/strong><\/p>\n<p>Questa pergamena, che riporta due documenti corrispondenti al regesto n. 57 di E. Lasinio, fa parte di una<br \/>\nserie di pergamene (Diplomatico 0020 &#8211; 0111; 0114-0300) contenenti atti di acquisto e di locazione in<br \/>\naffitto di beni immobili stipulati da Spinetta Malaspina, marchese di Verrucola. (Cfr. Diplomatico 0305\/325)<\/p>\n<p>Copia<\/p>\n<p>Supporto: membranaceo mm 441 x 160<\/p>\n<p>Sigilli n.: 0 Sigilli originali n.: 0<\/p>\n<p>&nbsp;<\/p>\n<p><a href=\"https:\/\/beniculturaliit-my.sharepoint.com\/:f:\/g\/personal\/as-ms_cultura_gov_it\/EmlKb0bOv7BLkC5nM2sBsRQBo_lv5uRT_mmW2G6fOX8o_Q?e=EEN81H\">Diplomatico 0048\/58<\/a><\/p>\n<p><strong>1339, ottobre 13, Massa, Massa Carrara<\/strong><\/p>\n<p>Questa pergamena, che riporta due documenti corrispondenti al regesto n. 58 di E. Lasinio, fa parte di una<br \/>\nserie di pergamene (Diplomatico 0020 &#8211; 0111; 0114-0300) contenenti atti di acquisto e di locazione in<br \/>\naffitto di beni immobili stipulati da Spinetta Malaspina, marchese di Verrucola. (Cfr. Diplomatico 0305\/325)<\/p>\n<p>Copia<\/p>\n<p>Supporto: membranaceo mm 429 x 181<\/p>\n<p>Sigilli n.: 0 Sigilli originali n.: 0<\/p>\n<p>&nbsp;<\/p>\n<p><a href=\"https:\/\/beniculturaliit-my.sharepoint.com\/:f:\/g\/personal\/as-ms_cultura_gov_it\/EmgrN13SOG5Cun4NGE8w5J0BSRh0LLLIJierwzIDIb8e2A?e=lNz1yT\">Diplomatico 0049\/59<\/a><\/p>\n<p><strong>1339, ottobre 13, Massa, Massa Carrara<\/strong><\/p>\n<p>Questa pergamena, che riporta due documenti corrispondenti al regesto n. 59 di E. Lasinio, fa parte di una<br \/>\nserie di pergamene (Diplomatico 0020 &#8211; 0111; 0114-0300) contenenti atti di acquisto e di locazione in<br \/>\naffitto di beni immobili stipulati da Spinetta Malaspina, marchese di Verrucola. (Cfr. Diplomatico 0305\/325)<\/p>\n<p>Copia<\/p>\n<p>Supporto: membranaceo mm 402 x 202<\/p>\n<p>Sigilli n.: 0 Sigilli originali n.: 0<\/p>\n<p>&nbsp;<\/p>\n<p><a href=\"https:\/\/beniculturaliit-my.sharepoint.com\/:f:\/g\/personal\/as-ms_cultura_gov_it\/Ej9x7KddJHpEtLjComK7i1MBIXYdq7PKChuYmkBBZ5S7KQ?e=VJuS7n\">Diplomatico 0050\/60<\/a><\/p>\n<p><strong>1339, ottobre 14, Massa, Massa Carrara<\/strong><\/p>\n<p>Questa pergamena, che riporta due documenti corrispondenti al regesto n. 60 di E. Lasinio, fa parte di una<br \/>\nserie di pergamene (Diplomatico 0020 &#8211; 0111; 0114-0300) contenenti atti di acquisto e di locazione in<br \/>\naffitto di beni immobili stipulati da Spinetta Malaspina, marchese di Verrucola. Cfr. Diplomatico 0305\/325.<\/p>\n<p>Copia<\/p>\n<p>Supporto: membranaceo mm 450 x 159<\/p>\n<p>Sigilli n.: 0 Sigilli originali n.: 0<\/p>\n<p>&nbsp;<\/p>\n<p><a href=\"https:\/\/beniculturaliit-my.sharepoint.com\/:f:\/g\/personal\/as-ms_cultura_gov_it\/EswKDyvukVpJoKg-O7gflSQBYF06BMkVY5ARMxDVAKmc9Q?e=RIS108\">Diplomatico 0051\/61<\/a><\/p>\n<p><strong>1339, ottobre 14, Massa, Massa Carrara<\/strong><\/p>\n<p>Questa pergamena, che riporta due documenti corrispondenti al regesto n. 61 di E. Lasinio, fa parte di una<br \/>\nserie di pergamene (Diplomatico 0020 &#8211; 0111; 0114-0300) contenenti atti di acquisto e di locazione in<br \/>\naffitto di beni immobili stipulati da Spinetta Malaspina, marchese di Verrucola. Cfr. Diplomatico 0305\/325.<br \/>\nCopia<br \/>\nSupporto: membranaceo mm 456 x 175<br \/>\nSigilli n.: 0 Sigilli originali n.: 0<\/p>\n<p>&nbsp;<\/p>\n<p><a href=\"https:\/\/beniculturaliit-my.sharepoint.com\/:f:\/g\/personal\/as-ms_cultura_gov_it\/EqW8odjhVipErb-jMM_SPtwB5TUT8rtL6id81bL0QYR6GQ?e=2StqWE\">Diplomatico 0052\/62<\/a><\/p>\n<p><strong>1339, ottobre 14, Massa, Massa Carrara<\/strong><\/p>\n<p>Questa pergamena, che riporta due documenti corrispondenti al regesto n. 62 di E. Lasinio, fa parte di una<br \/>\nserie di pergamene (Diplomatico 0020 &#8211; 0111; 0114-0300) contenenti atti di acquisto e di locazione in<br \/>\naffitto di beni immobili stipulati da Spinetta Malaspina, marchese di Verrucola. Cfr. Diplomatico 0305\/325.<\/p>\n<p>Copia<\/p>\n<p>Supporto: membranaceo mm 579 x 135<br \/>\nSigilli n.: 0 Sigilli originali n.: 0<\/p>\n<p>&nbsp;<\/p>\n<p><a href=\"https:\/\/beniculturaliit-my.sharepoint.com\/:f:\/g\/personal\/as-ms_cultura_gov_it\/EtTCTFGf6AtOn54isJVDJ_gB2PeK7mzQN9TRZhmO0MkH1Q?e=Of8aRW\">Diplomatico 0053\/63<\/a><\/p>\n<p><strong>1339, ottobre 14, Massa, Massa Carrara<\/strong><\/p>\n<p>Questa pergamena, che riporta due documenti corrispondenti al regesto n. 63 di E. Lasinio, fa parte di una<br \/>\nserie di pergamene (Diplomatico 0020 &#8211; 0111; 0114-0300) contenenti atti di acquisto e di locazione in<br \/>\naffitto di beni immobili stipulati da Spinetta Malaspina, marchese di Verrucola. Cfr. Diplomatico 0305\/325.<\/p>\n<p>Copia<\/p>\n<p>Supporto: membranaceo mm 559 x 127<br \/>\nSigilli n.: 0 Sigilli originali n.: 0<\/p>\n<p>&nbsp;<\/p>\n<p><a href=\"https:\/\/beniculturaliit-my.sharepoint.com\/:f:\/g\/personal\/as-ms_cultura_gov_it\/EpZuPtwL67BIvLo8nPvY-ugBBC8lUmZwOtBmGORMRGTgCQ?e=noDyun\">Diplomatico 0054\/64<\/a><\/p>\n<p><strong>1339, ottobre 14, Massa, Massa Carrara<\/strong><\/p>\n<p>Questa pergamena, che riporta due documenti corrispondenti al regesto n. 64 di E. Lasinio, fa parte di una<br \/>\nserie di pergamene (Diplomatico 0020 &#8211; 0111; 0114-0300) contenenti atti di acquisto e di locazione in<br \/>\naffitto di beni immobili stipulati da Spinetta Malaspina, marchese di Verrucola. Cfr. Diplomatico 0305\/325.<br \/>\nCopia<br \/>\nSupporto: membranaceo mm 449 x 180<br \/>\nSigilli n.: 0 Sigilli originali n.: 0<\/p>\n<p>&nbsp;<\/p>\n<p><a href=\"https:\/\/beniculturaliit-my.sharepoint.com\/:f:\/g\/personal\/as-ms_cultura_gov_it\/EqwGg4jOfk5Hosl3gUknNQ0BWVXTifYxxLyP9pn0R7WjoQ?e=b82zyG\">Diplomatico 0055\/65<\/a><\/p>\n<p><strong>1339, ottobre 14, Massa, Massa Carrara<\/strong><\/p>\n<p>Questa pergamena, che riporta due documenti corrispondenti al regesto n. 65 di E. Lasinio, fa parte di una<br \/>\nserie di pergamene (Diplomatico 0020 &#8211; 0111; 0114-0300) contenenti atti di acquisto e di locazione in<br \/>\naffitto di beni immobili stipulati da Spinetta Malaspina, marchese di Verrucola. Cfr. Diplomatico 0305\/325.<\/p>\n<p>Copia<br \/>\nSupporto: membranaceo mm 517 x 203<br \/>\nSigilli n.: 0 Sigilli originali n.: 0<\/p>\n<p>&nbsp;<\/p>\n<p><a href=\"https:\/\/beniculturaliit-my.sharepoint.com\/:f:\/g\/personal\/as-ms_cultura_gov_it\/EpIawbvwIYFIq5iuqtBmttQBhruvbZF30EOSp-tjB8GwAQ?e=UCtxfo\">Diplomatico 0056\/66<\/a><\/p>\n<p><strong>1339, ottobre 14, Massa, Massa Carrara<\/strong><\/p>\n<p>Questa pergamena, che riporta due documenti corrispondenti al regesto n. 66 di E. Lasinio, fa parte di una<br \/>\nserie di pergamene (Diplomatico 0020 &#8211; 0111; 0114-0300) contenenti atti di acquisto e di locazione in<br \/>\naffitto di beni immobili stipulati da Spinetta Malaspina, marchese di Verrucola. Cfr. Diplomatico 0305\/325.<\/p>\n<p>Copia<br \/>\nSupporto: membranaceo mm 422 x 174<br \/>\nSigilli n.: 0 Sigilli originali n.: 0<\/p>\n<p>______________________________________________________________________________________________________________<\/p>\n<p>&nbsp;<\/p>\n","protected":false},"excerpt":{"rendered":"<p>Privacy e Copyright &nbsp; L&#8217;Archivio diplomatico di Massa \u00e8 costituito da 958 pergamene provenienti nella maggior parte dall&#8217;Archivio Ducale dove si conservavano racchiuse in cartoni insieme con altri documenti cartacei e di varia materia.<\/p>\n","protected":false},"author":2,"featured_media":0,"parent":0,"menu_order":0,"comment_status":"closed","ping_status":"closed","template":"","meta":{"footnotes":""},"tags":[],"class_list":["post-543","page","type-page","status-publish","hentry"],"_links":{"self":[{"href":"https:\/\/archiviodistatodimassa.cultura.gov.it\/index.php?rest_route=\/wp\/v2\/pages\/543","targetHints":{"allow":["GET"]}}],"collection":[{"href":"https:\/\/archiviodistatodimassa.cultura.gov.it\/index.php?rest_route=\/wp\/v2\/pages"}],"about":[{"href":"https:\/\/archiviodistatodimassa.cultura.gov.it\/index.php?rest_route=\/wp\/v2\/types\/page"}],"author":[{"embeddable":true,"href":"https:\/\/archiviodistatodimassa.cultura.gov.it\/index.php?rest_route=\/wp\/v2\/users\/2"}],"replies":[{"embeddable":true,"href":"https:\/\/archiviodistatodimassa.cultura.gov.it\/index.php?rest_route=%2Fwp%2Fv2%2Fcomments&post=543"}],"version-history":[{"count":149,"href":"https:\/\/archiviodistatodimassa.cultura.gov.it\/index.php?rest_route=\/wp\/v2\/pages\/543\/revisions"}],"predecessor-version":[{"id":4910,"href":"https:\/\/archiviodistatodimassa.cultura.gov.it\/index.php?rest_route=\/wp\/v2\/pages\/543\/revisions\/4910"}],"wp:attachment":[{"href":"https:\/\/archiviodistatodimassa.cultura.gov.it\/index.php?rest_route=%2Fwp%2Fv2%2Fmedia&parent=543"}],"wp:term":[{"taxonomy":"post_tag","embeddable":true,"href":"https:\/\/archiviodistatodimassa.cultura.gov.it\/index.php?rest_route=%2Fwp%2Fv2%2Ftags&post=543"}],"curies":[{"name":"wp","href":"https:\/\/api.w.org\/{rel}","templated":true}]}}